{"id":12017,"date":"2022-02-02T14:59:49","date_gmt":"2022-02-02T13:59:49","guid":{"rendered":"https:\/\/www.welterbe-gartenreich.de\/garden-realm-dessau-woerlitz\/park-woerlitz\/schloss-woerlitz\/"},"modified":"2025-12-22T15:33:50","modified_gmt":"2025-12-22T14:33:50","slug":"schloss-woerlitz","status":"publish","type":"page","link":"https:\/\/www.welterbe-gartenreich.de\/en\/unesco-world-heritage-site\/park-woerlitz\/schloss-woerlitz\/","title":{"rendered":"Schloss W\u00f6rlitz"},"content":{"rendered":"<div class=\"wpb-content-wrapper\"><p>[vc_row gap=&#8221;25&#8243; content_placement=&#8221;top&#8221; mobile_bg_img_hidden=&#8221;no&#8221; tablet_bg_img_hidden=&#8221;no&#8221; woodmart_parallax=&#8221;0&#8243; woodmart_gradient_switch=&#8221;no&#8221; row_reverse_mobile=&#8221;0&#8243; row_reverse_tablet=&#8221;0&#8243; woodmart_disable_overflow=&#8221;0&#8243;][vc_column offset=&#8221;vc_col-lg-offset-0&#8243; mobile_bg_img_hidden=&#8221;no&#8221; tablet_bg_img_hidden=&#8221;no&#8221; woodmart_parallax=&#8221;0&#8243; woodmart_sticky_column=&#8221;false&#8221; parallax_scroll=&#8221;no&#8221; mobile_reset_margin=&#8221;no&#8221; tablet_reset_margin=&#8221;no&#8221; el_class=&#8221;bild-oben-text-box&#8221;][vc_gallery interval=&#8221;5&#8243; images=&#8221;13865,15369,15028,9476,15371,15367,15373,16431,12652&#8243; img_size=&#8221;box-top-image&#8221; onclick=&#8221;&#8221; css=&#8221;.vc_custom_1765983260564{margin-bottom: 0px !important;padding-bottom: 0px !important;}&#8221; el_class=&#8221;slider-oben&#8221;][vc_row_inner][vc_column_inner el_class=&#8221;box-text-block&#8221;][vc_custom_heading text=&#8221;Schloss W\u00f6rlitz&#8221; font_container=&#8221;tag:h2|text_align:center|color:rgba(0%2C0%2C0%2C0.55)&#8221; use_theme_fonts=&#8221;yes&#8221; el_class=&#8221;box-erste-ueberschrift&#8221;][vc_custom_heading text=&#8221;A masterpiece of classicism&#8221; font_container=&#8221;tag:h3|text_align:center|color:rgba(0%2C0%2C0%2C0.55)&#8221; use_theme_fonts=&#8221;yes&#8221; el_class=&#8221;box-zweite-ueberschrift&#8221;][vc_column_text css=&#8221;&#8221; woodmart_color_scheme=&#8221;dark&#8221; woodmart_inline=&#8221;no&#8221; text_larger=&#8221;no&#8221; el_class=&#8221;box-text&#8221;]Anyone who enters W\u00f6rlitz Palace will be amazed. Like the surrounding park, the country house is a journey through the world and time in miniature. Admire antique sculptures, Italian and Dutch paintings, English ceramics, chinoise rooms, the finest silk wallpapers, noble neoclassical furnishings and all kinds of technical innovations. These are the collected interests and travel impressions of Prince Franz, which reflect a unique reflection of the spirit of the Enlightenment.[\/vc_column_text][\/vc_column_inner][\/vc_row_inner][\/vc_column][\/vc_row][vc_row woodmart_css_id=&#8221;61d2ff8fb2ca3&#8243; mobile_bg_img_hidden=&#8221;no&#8221; tablet_bg_img_hidden=&#8221;no&#8221; woodmart_parallax=&#8221;0&#8243; woodmart_gradient_switch=&#8221;no&#8221; woodmart_box_shadow=&#8221;yes&#8221; wd_z_index=&#8221;no&#8221; woodmart_disable_overflow=&#8221;0&#8243; row_reverse_mobile=&#8221;0&#8243; row_reverse_tablet=&#8221;0&#8243;][vc_column width=&#8221;1\/3&#8243;][vc_single_image image=&#8221;21819&#8243; img_size=&#8221;large&#8221; alignment=&#8221;center&#8221; css=&#8221;.vc_custom_1766059651154{border-radius: 20px !important;}&#8221; parallax_scroll=&#8221;no&#8221; woodmart_inline=&#8221;no&#8221;][\/vc_column][vc_column width=&#8221;2\/3&#8243;]\t\t\t<div class=\"info-box-wrapper\">\n\t\t\t\t<div id=\"wd-663505e53733b\" class=\" wd-rs-663505e53733b wd-info-box wd-wpb text-center box-icon-align-top box-style- color-scheme- wd-bg-none \">\n\t\t\t\t\t\t\t\t\t\t<div class=\"info-box-content\">\n\t\t\t\t\t\t<div class=\"info-box-subtitle subtitle-color-default wd-fontsize-xs subtitle-style-default\">History<\/div><h4 class=\"info-box-title title box-title-style-default wd-fontsize-m\">Artistic appreciation and innovation<\/h4>\t\t\t\t\t\t<div class=\"info-box-inner reset-last-child\"><p>Park W\u00f6rlitz was only a few years old when Schloss W\u00f6rlitz was built as its central building. From 1769 to 1773, the first purely classicist palace building on the European mainland was built. It was designed according to the latest English models by the architect Friedrich Wilhelm von Erdmannsdorff for the young Prince Leopold III Friedrich Franz von Anhalt-Dessau.<\/p>\n<p>In the spirit of the Enlightenment, even in the 18th century, guests were welcomed, guided through the rooms and were able to see what technical achievements the prince had brought to Anhalt-Dessau. And even today, the closets and folding beds, refrigerators, dumbwaiters and adjustable furniture surprise when presented to guests.<\/p>\n<\/div>\n\n\t\t\t\t\t\t\t\t\t\t\t<\/div>\n\n\t\t\t\t\t\n\t\t\t\t\t\t\t\t\t<\/div>\n\t\t\t<\/div>\n\t\t[\/vc_column][\/vc_row][vc_row el_id=&#8221;gondola rides&#8221; woodmart_css_id=&#8221;61c0f77fc8a31&#8243; mobile_bg_img_hidden=&#8221;no&#8221; tablet_bg_img_hidden=&#8221;no&#8221; woodmart_parallax=&#8221;0&#8243; woodmart_gradient_switch=&#8221;no&#8221; woodmart_box_shadow=&#8221;no&#8221; wd_z_index=&#8221;no&#8221; woodmart_disable_overflow=&#8221;0&#8243; row_reverse_mobile=&#8221;0&#8243; row_reverse_tablet=&#8221;0&#8243;][vc_column][vc_text_separator title=&#8221;Come on in!&#8221; color=&#8221;black&#8221; el_class=&#8221;welterbe-abschnitt-ueberschrift&#8221;][vc_custom_heading text=&#8221;What to expect&#8221; font_container=&#8221;tag:p|text_align:center&#8221; use_theme_fonts=&#8221;yes&#8221; css_animation=&#8221;appear&#8221; css=&#8221;&#8221; el_class=&#8221;welterbe-abschnitt-beschreibung&#8221;][\/vc_column][\/vc_row][vc_row woodmart_css_id=&#8221;61c0887e718b1&#8243; mobile_bg_img_hidden=&#8221;no&#8221; tablet_bg_img_hidden=&#8221;no&#8221; woodmart_parallax=&#8221;0&#8243; woodmart_gradient_switch=&#8221;no&#8221; woodmart_box_shadow=&#8221;no&#8221; wd_z_index=&#8221;no&#8221; woodmart_disable_overflow=&#8221;0&#8243; row_reverse_mobile=&#8221;0&#8243; row_reverse_tablet=&#8221;0&#8243; el_id=&#8221;Public guided tours of the park&#8221;][vc_column width=&#8221;1\/2&#8243; el_class=&#8221;welterbe-akkordion-container hell&#8221; woodmart_css_id=&#8221;65c0af331c0d3&#8243; parallax_scroll=&#8221;no&#8221; woodmart_sticky_column=&#8221;false&#8221; wd_collapsible_content_switcher=&#8221;no&#8221; wd_column_role_offcanvas_desktop=&#8221;no&#8221; wd_column_role_offcanvas_tablet=&#8221;no&#8221; wd_column_role_offcanvas_mobile=&#8221;no&#8221; wd_column_role_content_desktop=&#8221;no&#8221; wd_column_role_content_tablet=&#8221;no&#8221; wd_column_role_content_mobile=&#8221;no&#8221; mobile_bg_img_hidden=&#8221;no&#8221; tablet_bg_img_hidden=&#8221;no&#8221; woodmart_parallax=&#8221;0&#8243; woodmart_box_shadow=&#8221;no&#8221; responsive_spacing=&#8221;eyJwYXJhbV90eXBlIjoid29vZG1hcnRfcmVzcG9uc2l2ZV9zcGFjaW5nIiwic2VsZWN0b3JfaWQiOiI2NWMwYWYzMzFjMGQzIiwic2hvcnRjb2RlIjoidmNfY29sdW1uIiwiZGF0YSI6eyJ0YWJsZXQiOnt9LCJtb2JpbGUiOnt9fX0=&#8221; mobile_reset_margin=&#8221;no&#8221; tablet_reset_margin=&#8221;no&#8221; wd_z_index=&#8221;no&#8221;]\t\t\t<div class=\"info-box-wrapper\">\n\t\t\t\t<div id=\"wd-69493f0855f3b\" class=\" wd-rs-69493f0855f3b wd-info-box wd-wpb text-center box-icon-align-top box-style- color-scheme- wd-bg-none \">\n\t\t\t\t\t\t\t\t\t\t<div class=\"info-box-content\">\n\t\t\t\t\t\t<div class=\"info-box-subtitle subtitle-color-default wd-fontsize-xs subtitle-style-default\">Visiting Prince Franz<\/div><h4 class=\"info-box-title title box-title-style-default wd-fontsize-m\">Guided tours<\/h4>\t\t\t\t\t\t<div class=\"info-box-inner reset-last-child\"><p>W\u00f6rlitz Palace is only open to you as part of a guided tour. Decide for yourself whether you want to explore the representative rooms on the ground floor or climb up to the Belvedere on a guided tour. Get involved and listen to the stories from over 250 years of palace history!<\/p>\n<\/div>\n\n\t\t\t\t\t\t\t\t\t\t\t<\/div>\n\n\t\t\t\t\t\n\t\t\t\t\t\t\t\t\t<\/div>\n\t\t\t<\/div>\n\t\t[vc_single_image image=&#8221;15367&#8243; img_size=&#8221;&#8221; alignment=&#8221;center&#8221; css=&#8221;.vc_custom_1766059807875{border-radius: 20px !important;}&#8221; parallax_scroll=&#8221;no&#8221; woodmart_inline=&#8221;no&#8221;][\/vc_column][vc_column width=&#8221;1\/2&#8243; el_class=&#8221;welterbe-akkordion-container hell&#8221; woodmart_css_id=&#8221;61adc2bcb9a4c&#8221; parallax_scroll=&#8221;no&#8221; woodmart_sticky_column=&#8221;false&#8221; wd_collapsible_content_switcher=&#8221;no&#8221; mobile_bg_img_hidden=&#8221;no&#8221; tablet_bg_img_hidden=&#8221;no&#8221; woodmart_parallax=&#8221;0&#8243; woodmart_box_shadow=&#8221;no&#8221; mobile_reset_margin=&#8221;no&#8221; tablet_reset_margin=&#8221;no&#8221; wd_z_index=&#8221;no&#8221;]\t\t\t<div class=\"info-box-wrapper\">\n\t\t\t\t<div id=\"wd-6634f3e9014b3\" class=\" wd-rs-6634f3e9014b3 wd-info-box wd-wpb text-center box-icon-align-top box-style- color-scheme- wd-bg-none \">\n\t\t\t\t\t\t\t\t\t\t<div class=\"info-box-content\">\n\t\t\t\t\t\t<div class=\"info-box-subtitle subtitle-color-default wd-fontsize-xs subtitle-style-default\">Exhibition<\/div><h4 class=\"info-box-title title box-title-style-default wd-fontsize-m\">The South Seas in the Garden Realm<\/h4>\t\t\t\t\t\t<div class=\"info-box-inner reset-last-child\"><p>In the mezzanine of the palace, you will find evidence of Polynesian life around 1770, which can no longer be found in the countries of origin today. Georg Forster once brought you to Europe from his circumnavigation of the world with Captain Cook \u2013 and gave part of it to Prince Franz and his wife.<\/p>\n<\/div>\n\n\t\t\t\t\t\t\t\t\t\t\t<\/div>\n\n\t\t\t\t\t\n\t\t\t\t\t\t\t\t\t<\/div>\n\t\t\t<\/div>\n\t\t[vc_single_image image=&#8221;15371&#8243; img_size=&#8221;&#8221; alignment=&#8221;center&#8221; css=&#8221;.vc_custom_1766059819824{border-radius: 20px !important;}&#8221; parallax_scroll=&#8221;no&#8221; woodmart_inline=&#8221;no&#8221;][\/vc_column][\/vc_row][vc_row][vc_column el_class=&#8221;welterbe-akkordion-container hell&#8221; woodmart_css_id=&#8221;61adc2bcb9a4c&#8221; parallax_scroll=&#8221;no&#8221; woodmart_sticky_column=&#8221;false&#8221; wd_collapsible_content_switcher=&#8221;no&#8221; mobile_bg_img_hidden=&#8221;no&#8221; tablet_bg_img_hidden=&#8221;no&#8221; woodmart_parallax=&#8221;0&#8243; woodmart_box_shadow=&#8221;no&#8221; mobile_reset_margin=&#8221;no&#8221; tablet_reset_margin=&#8221;no&#8221; wd_z_index=&#8221;no&#8221;][vc_custom_heading text=&#8221;INFORMATION FOR YOUR VISIT&#8221; use_theme_fonts=&#8221;yes&#8221; css=&#8221;&#8221; el_class=&#8221;akkordion-ueberschrift&#8221;][vc_tta_accordion style=&#8221;flat&#8221; shape=&#8221;square&#8221; c_icon=&#8221;triangle&#8221; c_position=&#8221;right&#8221; active_section=&#8221;0&#8243; no_fill=&#8221;true&#8221; collapsible_all=&#8221;true&#8221; el_class=&#8221;welterbe-akkordion&#8221;][vc_tta_section title=&#8221;Opening hours 2026&#8243; tab_id=&#8221;oeffnungszeiten6cf4-46652ec0-fb13&#8243;][vc_column_text css=&#8221;&#8221; woodmart_inline=&#8221;no&#8221; text_larger=&#8221;no&#8221;]<strong>March 21 to November 01, 2026<\/strong><br \/>\nTue-Sun, public holidays 10:00-17:00[\/vc_column_text][\/vc_tta_section][vc_tta_section title=&#8221;Guided tours&#8221; tab_id=&#8221;1699026622110-bc3e570c-bc7e&#8221;][vc_column_text css=&#8221;&#8221; woodmart_inline=&#8221;no&#8221; text_larger=&#8221;no&#8221;]Visits to the palace are only possible as part of guided tours during opening hours:<\/p>\n<p><strong>Guided tours on the first floor<\/strong> (approx. one hour)<strong><br \/>\n<\/strong>including ballroom, dining room, Chinese room, private rooms of the princely couple, library <strong><br \/>\n<\/strong>daily (except Mon) start of the last guided tour one hour before closing time<\/p>\n<p><strong>From the cellar to the roof<\/strong> (approx. one hour)<br \/>\nGround floor, upper floor, mezzanine, Belvedere<br \/>\ndaily (except Mon) 11:00 a.m.<\/p>\n<p><strong>Guided tour of the upper floor<\/strong> (approx. one hour)<br \/>\ndaily (except Mon) 2:00 pm<\/p>\n<p><strong>South Seas in W\u00f6rlitz <\/strong>(approx. one hour)<br \/>\nSouth Seas exhibition, Palm Hall, Belvedere<br \/>\nSun 11:00 a.m.<\/p>\n<p><strong>Family tour <\/strong>(approx. one hour)<br \/>\nSun 14:00<\/p>\n<p><strong>Individual tour of the exhibition <\/strong><br \/>\n<strong>&#8220;Return to the Light&#8221; Georg Forster<\/strong><br \/>\ndaily (except Mon) 10:30, 11:30, 12:30, 13:30, 14:30, 15:30<\/p>\n<hr>\n<p>The <strong>ground floor<\/strong> and <strong>the upper floor<\/strong> can be visited in separate guided tours. Feel free to ask![\/vc_column_text][\/vc_tta_section][vc_tta_section title=&#8221;Prices&#8221; tab_id=&#8221;1699026255610-6494a7b8-324f&#8221;][vc_column_text css=&#8221;&#8221; woodmart_inline=&#8221;no&#8221; text_larger=&#8221;no&#8221;]<strong>Participation in a guided tour of the palace<\/strong><br \/>\n\u20ac 9.00, reduced \u20ac 7.00<br \/>\nChildren up to 16 years free when accompanied by an adult<\/p>\n<p><strong>Individual tour of the exhibition <\/strong><br \/>\n<strong>&#8220;Return to the light&#8221; Georg Forster<\/strong><br \/>\n\u20ac 6.00, reduced \u20ac 5.00<\/p>\n<p>Guided tours outside opening hours and for groups are possible by prior arrangement at special conditions.<\/p>\n<p><strong>Discounts<br \/>\n<\/strong>for groups of 15 or more<br \/>\nStudents up to the age of 25, trainees, unemployed, severely disabled (accompanying person free), holders of Dessau-Ro\u00dflau volunteer cards<\/p>\n<p><strong>Further conditions <\/strong><br \/>\nGuided tours for school classes (max. 3 accompanying persons) and<br \/>\nGuided tours for student groups (max. 1 accompanying person, art history, history, restoration, horticulture etc. from all universities and universities of applied sciences) \u20ac 3.00 per person[\/vc_column_text][\/vc_tta_section][vc_tta_section title=&#8221;Tickets&#8221; tab_id=&#8221;1715694821407-58f8cdcd-1276&#8243;]<div id=\"wd-66436cb4c9355\" class=\" wd-rs-66436cb4c9355  wd-button-wrapper text-left\"><a href=\"https:\/\/www.gartenreich.de\/de\/oeffnungszeiten-preise\/ticktes-kaufen\" title=\"Book online\" target=\"_blank\" class=\"btn btn-color-alt btn-style-default btn-shape-rectangle btn-size-default box-button-continue\">Book online<\/a><\/div>[\/vc_tta_section][vc_tta_section title=&#8221;Combined tickets&#8221; tab_id=&#8221;1638526234998-1b7c0560-9af86cf4-46652ec0-fb13&#8243;][vc_column_text css=&#8221;&#8221; woodmart_inline=&#8221;no&#8221; text_larger=&#8221;no&#8221;]<strong>F\u00fcrst-Franz-Ticket (Prince Franz Card)<\/strong><br \/>\nWith this combined ticket, you can take part in a guided tour of the first floor of W\u00f6rlitz Palace and visit the Gothic House individually for just \u20ac13.00.[\/vc_column_text][\/vc_tta_section][vc_tta_section title=&#8221;Groups&#8221; tab_id=&#8221;1709912811387-8d73a3cd-6f18&#8243;][vc_column_text woodmart_inline=&#8221;no&#8221; text_larger=&#8221;no&#8221;]Secure your guided tour of W\u00f6rlitz Palace and send us an e-mail to<a href=\"mailto:info@welterbe-gartenreich.de\"> info@welterbe-gartenreich.de<\/a> so that groups of more than 6 people can also participate.[\/vc_column_text][\/vc_tta_section][vc_tta_section title=&#8221;Accessibility&#8221; tab_id=&#8221;1709912721506-af0d98bd-156a&#8221;][vc_column_text woodmart_inline=&#8221;no&#8221; text_larger=&#8221;no&#8221;]Only the guided tour on the ground floor is barrier-free. When purchasing a ticket, please contact us that you need barrier-free access.[\/vc_column_text][\/vc_tta_section][vc_tta_section title=&#8221;Contact&#8221; tab_id=&#8221;1638523789833-5be57e99-b6d76cf4-46652ec0-fb13&#8243;][vc_column_text woodmart_inline=&#8221;no&#8221; text_larger=&#8221;no&#8221;]<strong>Schloss W\u00f6rlitz<\/strong><br \/>\nD-06785 Oranienbaum-W\u00f6rlitz<br \/>\nOT Stadt W\u00f6rlitz<br \/>\nPhone: +49 (0)34905.40 9-20<br \/>\n<a href=\"mailto:schloss-woerlitz@gartenreich.de\">schloss-woerlitz@gartenreich.de<\/a>[\/vc_column_text][\/vc_tta_section][\/vc_tta_accordion][vc_empty_space height=&#8221;30px&#8221; woodmart_hide_large=&#8221;0&#8243; woodmart_hide_medium=&#8221;0&#8243; woodmart_hide_small=&#8221;0&#8243; woodmart_hide_extra_small=&#8221;0&#8243;][\/vc_column][\/vc_row][vc_row woodmart_css_id=&#8221;61c0f77fc8a31&#8243; mobile_bg_img_hidden=&#8221;no&#8221; tablet_bg_img_hidden=&#8221;no&#8221; woodmart_parallax=&#8221;0&#8243; woodmart_gradient_switch=&#8221;no&#8221; woodmart_box_shadow=&#8221;no&#8221; wd_z_index=&#8221;no&#8221; woodmart_disable_overflow=&#8221;0&#8243; row_reverse_mobile=&#8221;0&#8243; row_reverse_tablet=&#8221;0&#8243;][vc_column][vc_text_separator title=&#8221;More&#8221; color=&#8221;black&#8221; css=&#8221;&#8221; el_class=&#8221;welterbe-abschnitt-ueberschrift&#8221;][vc_custom_heading text=&#8221;Tips, offers, events,&#8230;&#8221; font_container=&#8221;tag:p|text_align:center&#8221; use_theme_fonts=&#8221;yes&#8221; css_animation=&#8221;appear&#8221; css=&#8221;&#8221; el_class=&#8221;welterbe-abschnitt-beschreibung&#8221;][\/vc_column][\/vc_row][vc_row woodmart_css_id=&#8221;67b5e8e5c66f9&#8243; responsive_spacing=&#8221;eyJwYXJhbV90eXBlIjoid29vZG1hcnRfcmVzcG9uc2l2ZV9zcGFjaW5nIiwic2VsZWN0b3JfaWQiOiI2N2I1ZThlNWM2NmY5Iiwic2hvcnRjb2RlIjoidmNfcm93IiwiZGF0YSI6eyJ0YWJsZXQiOnt9LCJtb2JpbGUiOnt9fX0=&#8221; mobile_bg_img_hidden=&#8221;no&#8221; tablet_bg_img_hidden=&#8221;no&#8221; woodmart_parallax=&#8221;0&#8243; woodmart_gradient_switch=&#8221;no&#8221; woodmart_box_shadow=&#8221;no&#8221; wd_z_index=&#8221;no&#8221; woodmart_disable_overflow=&#8221;0&#8243; row_reverse_mobile=&#8221;0&#8243; row_reverse_tablet=&#8221;0&#8243; el_class=&#8221;carousel-row&#8221;][vc_column]\n\t\t\t<div id=\"carousel-575\" class=\"wd-carousel-container banners-carousel-wrapper   wd-rs-67b64728dd537\">\n\t\t\t\t<div class=\"wd-carousel-inner\">\n\t\t\t\t\t<div class=\"wd-carousel wd-grid banners-carousel carousel-front-two-element carousel-front-element\" data-scroll_per_page=\"yes\" style=\"--wd-col-lg:2.5;--wd-col-md:2;--wd-col-sm:1;--wd-gap-lg:20px;--wd-gap-sm:10px;\">\n\t\t\t\t\t\t<div class=\"wd-carousel-wrap\">\n\t\t\t\t\t\t\t\t\t<div class=\"promo-banner-wrapper  wd-rs-694956a637f71  wd-carousel-item\">\n\t\t\t<div id=\"wd-694956a637f71\" class=\"promo-banner  banner-content-background banner-hover-none color-scheme-dark banner-btn-size-default banner-btn-style-default carousel-element with-btn banner-btn-position-static wd-with-link wd-underline-colored\">\n\t\t\t\t<div class=\"main-wrapp-img\">\n\t\t\t\t\t<div class=\"banner-image wd-bg-position-center\" >\n\t\t\t\t\t\t<img loading=\"lazy\" decoding=\"async\" title=\"Schloss W\u00f6rlitz, Festsaal &copy;KsDW, Peter Dafinger\" width=\"477\" height=\"316\" src=\"https:\/\/www.welterbe-gartenreich.de\/wp-content\/uploads\/2023\/12\/1_06_24-scaled-477x316.jpg\" class=\"attachment-477x316 size-477x316\" alt=\"\" \/>\t\t\t\t\t<\/div>\n\t\t\t\t<\/div>\n\n\t\t\t\t<div class=\"wrapper-content-banner wd-fill  wd-items-bottom wd-justify-center\">\n\t\t\t\t\t<div class=\"content-banner  text-center\">\n\t\t\t\t\t\t<h2 class=\"banner-title wd-font-weight- wd-fontsize-xl\">Palace Concerts<\/h2>\t\t\t\t\t\t\t\t\t\t\t\t\t<div class=\"banner-inner reset-last-child wd-fontsize-s\">\n\t\t\t\t\t\t\t\t<p>Be there when the ballroom of W\u00f6rlitz Palace resounds on May 9 and 10. Prof. Ragna Schirmer will play works by Clara Schumann, Robert Schumann and Ludwig van Beethoven on the historic fortepiano to open the Garden Realm Summer 2026.<\/p>\n\t\t\t\t\t\t\t<\/div>\n\t\t\t\t\t\t\n\t\t\t\t\t\t\n\t\t\t\t\t\t<div class=\"banner-btn-wrapper\"><div id=\"wd-69f1e95594252\" class=\"  wd-button-wrapper text-center\"><a href=\"https:\/\/anhaltisches-theater.de\/schlosskonzerte\" title=\"\" target=\"_blank\" class=\"btn btn-color-alt btn-style-default btn-shape-rectangle btn-size-default\">More<\/a><\/div><\/div>\t\t\t\t\t<\/div>\n\t\t\t\t<\/div>\n\n\t\t\t\t\t\t\t\t\t<a class=\"wd-promo-banner-link wd-fill\" aria-label=\"Banner link\" href=\"https:\/\/anhaltisches-theater.de\/schlosskonzerte\" title=\"\" target=\"_blank\"><\/a>\n\t\t\t\t\n\t\t\t\t\t\t\t<\/div>\n\t\t<\/div>\n\n\t\t\t\t<div class=\"promo-banner-wrapper  wd-rs-6942c0d69e3e2  wd-carousel-item\">\n\t\t\t<div id=\"wd-6942c0d69e3e2\" class=\"promo-banner  banner-content-background banner-hover-none color-scheme-dark banner-btn-size-default banner-btn-style-default carousel-element with-btn banner-btn-position-static wd-with-link wd-underline-colored\">\n\t\t\t\t<div class=\"main-wrapp-img\">\n\t\t\t\t\t<div class=\"banner-image wd-bg-position-center\" >\n\t\t\t\t\t\t<img loading=\"lazy\" decoding=\"async\" title=\"Schloss W\u00f6rlitz, Antike &copy;Kulturstiftung Dessau-W\u00f6rlitz, Heinz Fr\u00e4\u00dfdorf\" width=\"477\" height=\"316\" src=\"https:\/\/www.welterbe-gartenreich.de\/wp-content\/uploads\/2024\/03\/1_06_6-scaled-477x316.jpg\" class=\"attachment-477x316 size-477x316\" alt=\"\" \/>\t\t\t\t\t<\/div>\n\t\t\t\t<\/div>\n\n\t\t\t\t<div class=\"wrapper-content-banner wd-fill  wd-items-bottom wd-justify-center\">\n\t\t\t\t\t<div class=\"content-banner  text-center\">\n\t\t\t\t\t\t<h2 class=\"banner-title wd-font-weight- wd-fontsize-xl\">Museum Digital<\/h2>\t\t\t\t\t\t\t\t\t\t\t\t\t<div class=\"banner-inner reset-last-child wd-fontsize-s\">\n\t\t\t\t\t\t\t\t<p>Even when the palaces are closed for the winter or you are unable to travel to the Garden Realm, part of the UNESCO World Heritage Site&#8217;s extensive art collection is available to view digitally.<\/p>\n\t\t\t\t\t\t\t<\/div>\n\t\t\t\t\t\t\n\t\t\t\t\t\t\n\t\t\t\t\t\t<div class=\"banner-btn-wrapper\"><div id=\"wd-69f1e955950ab\" class=\"  wd-button-wrapper text-center\"><a href=\"https:\/\/st.museum-digital.de\/collection\/43\" title=\"\" target=\"_blank\" class=\"btn btn-color-alt btn-style-default btn-shape-rectangle btn-size-default\">More<\/a><\/div><\/div>\t\t\t\t\t<\/div>\n\t\t\t\t<\/div>\n\n\t\t\t\t\t\t\t\t\t<a class=\"wd-promo-banner-link wd-fill\" aria-label=\"Banner link\" href=\"https:\/\/st.museum-digital.de\/collection\/43\" title=\"\" target=\"_blank\"><\/a>\n\t\t\t\t\n\t\t\t\t\t\t\t<\/div>\n\t\t<\/div>\n\n\t\t\t\t<div class=\"promo-banner-wrapper  wd-rs-6942c23f67f47  wd-carousel-item\">\n\t\t\t<div id=\"wd-6942c23f67f47\" class=\"promo-banner  banner-content-background banner-hover-none color-scheme-dark banner-btn-size-default banner-btn-style-default carousel-element with-btn banner-btn-position-static wd-with-link wd-underline-colored\">\n\t\t\t\t<div class=\"main-wrapp-img\">\n\t\t\t\t\t<div class=\"banner-image wd-bg-position-center\" >\n\t\t\t\t\t\t<img loading=\"lazy\" decoding=\"async\" title=\"Schloss W\u00f6rlitz, Rotunde &copy;KsDW, Peter Dafinger\" width=\"477\" height=\"316\" src=\"https:\/\/www.welterbe-gartenreich.de\/wp-content\/uploads\/2024\/01\/Schloss-Woerlitz-Rotunde-scaled-477x316.jpg\" class=\"attachment-477x316 size-477x316\" alt=\"\" \/>\t\t\t\t\t<\/div>\n\t\t\t\t<\/div>\n\n\t\t\t\t<div class=\"wrapper-content-banner wd-fill  wd-items-bottom wd-justify-center\">\n\t\t\t\t\t<div class=\"content-banner  text-center\">\n\t\t\t\t\t\t<h2 class=\"banner-title wd-font-weight- wd-fontsize-xl\">For the inquisitive<\/h2>\t\t\t\t\t\t\t\t\t\t\t\t\t<div class=\"banner-inner reset-last-child wd-fontsize-s\">\n\t\t\t\t\t\t\t\t<p>Can&#8217;t get enough of W\u00f6rlitz Palace and its original interior and want to find out more? You are sure to find the right book in our tourist information center or in the online store of the Kulturstiftung Dessau-W\u00f6rlitz.<\/p>\n\t\t\t\t\t\t\t<\/div>\n\t\t\t\t\t\t\n\t\t\t\t\t\t\n\t\t\t\t\t\t<div class=\"banner-btn-wrapper\"><div id=\"wd-69f1e95595e74\" class=\"  wd-button-wrapper text-center\"><a href=\"https:\/\/shop.gartenreich.de\/product_info.php?products_id=1\" title=\"\" target=\"_blank\" class=\"btn btn-color-alt btn-style-default btn-shape-rectangle btn-size-default\">More<\/a><\/div><\/div>\t\t\t\t\t<\/div>\n\t\t\t\t<\/div>\n\n\t\t\t\t\t\t\t\t\t<a class=\"wd-promo-banner-link wd-fill\" aria-label=\"Banner link\" href=\"https:\/\/shop.gartenreich.de\/product_info.php?products_id=1\" title=\"\" target=\"_blank\"><\/a>\n\t\t\t\t\n\t\t\t\t\t\t\t<\/div>\n\t\t<\/div>\n\n\t\t\t\t<div class=\"promo-banner-wrapper  wd-rs-69491c32ba9c0  wd-carousel-item\">\n\t\t\t<div id=\"wd-69491c32ba9c0\" class=\"promo-banner  banner-content-background banner-hover-none color-scheme-dark banner-btn-size-default banner-btn-style-default carousel-element with-btn banner-btn-position-static wd-with-link wd-underline-colored\">\n\t\t\t\t<div class=\"main-wrapp-img\">\n\t\t\t\t\t<div class=\"banner-image wd-bg-position-center\" >\n\t\t\t\t\t\t<img loading=\"lazy\" decoding=\"async\" title=\"WelterbeCard &copy;Welterberegion Anhalt-Dessau-Wittenberg e.V. \" width=\"477\" height=\"316\" src=\"https:\/\/www.welterbe-gartenreich.de\/wp-content\/uploads\/2024\/02\/WelterbeCard-477x316.png\" class=\"attachment-477x316 size-477x316\" alt=\"WelterbeCard\" \/>\t\t\t\t\t<\/div>\n\t\t\t\t<\/div>\n\n\t\t\t\t<div class=\"wrapper-content-banner wd-fill  wd-items-bottom wd-justify-center\">\n\t\t\t\t\t<div class=\"content-banner  text-center\">\n\t\t\t\t\t\t<h2 class=\"banner-title wd-font-weight- wd-fontsize-xl\">World Heritage Card<\/h2>\t\t\t\t\t\t\t\t\t\t\t\t\t<div class=\"banner-inner reset-last-child wd-fontsize-s\">\n\t\t\t\t\t\t\t\t<p>With this guest card, you only pay once and receive free admission or discounts at over 130 tourist attractions from the worlds of art, culture, nature and leisure throughout the Anhalt-Dessau-Wittenberg World Heritage Region &#8211; including in W\u00f6rlitz.<\/p>\n\t\t\t\t\t\t\t<\/div>\n\t\t\t\t\t\t\n\t\t\t\t\t\t\n\t\t\t\t\t\t<div class=\"banner-btn-wrapper\"><div id=\"wd-69f1e95596574\" class=\"  wd-button-wrapper text-center\"><a href=\"https:\/\/st.museum-digital.de\/collection\/43\" title=\"\" target=\"_blank\" class=\"btn btn-color-alt btn-style-default btn-shape-rectangle btn-size-default\">More<\/a><\/div><\/div>\t\t\t\t\t<\/div>\n\t\t\t\t<\/div>\n\n\t\t\t\t\t\t\t\t\t<a class=\"wd-promo-banner-link wd-fill\" aria-label=\"Banner link\" href=\"https:\/\/st.museum-digital.de\/collection\/43\" title=\"\" target=\"_blank\"><\/a>\n\t\t\t\t\n\t\t\t\t\t\t\t<\/div>\n\t\t<\/div>\n\n\t\t\t\t<div class=\"promo-banner-wrapper  wd-rs-6942c1c039c17  wd-carousel-item\">\n\t\t\t<div id=\"wd-6942c1c039c17\" class=\"promo-banner  banner-content-background banner-hover-none color-scheme-dark banner-btn-size-default banner-btn-style-default carousel-element with-btn banner-btn-position-static wd-with-link wd-underline-colored\">\n\t\t\t\t<div class=\"main-wrapp-img\">\n\t\t\t\t\t<div class=\"banner-image wd-bg-position-center\" >\n\t\t\t\t\t\t<img loading=\"lazy\" decoding=\"async\" title=\"Schloss W\u00f6rlitz, Chinesisches Zimmer &copy;KsDW\" width=\"477\" height=\"316\" src=\"https:\/\/www.welterbe-gartenreich.de\/wp-content\/uploads\/2024\/03\/1-02-8-scaled-477x316.jpg\" class=\"attachment-477x316 size-477x316\" alt=\"\" \/>\t\t\t\t\t<\/div>\n\t\t\t\t<\/div>\n\n\t\t\t\t<div class=\"wrapper-content-banner wd-fill  wd-items-bottom wd-justify-center\">\n\t\t\t\t\t<div class=\"content-banner  text-center\">\n\t\t\t\t\t\t<h2 class=\"banner-title wd-font-weight- wd-fontsize-xl\">Guided tours for groups<\/h2>\t\t\t\t\t\t\t\t\t\t\t\t\t<div class=\"banner-inner reset-last-child wd-fontsize-s\">\n\t\t\t\t\t\t\t\t<p>If you would like to visit W\u00f6rlitz Palace with more than six people, you can book an individual group tour during the seasonal opening times. Please feel free to contact us!<\/p>\n\t\t\t\t\t\t\t<\/div>\n\t\t\t\t\t\t\n\t\t\t\t\t\t\n\t\t\t\t\t\t<div class=\"banner-btn-wrapper\"><div id=\"wd-69f1e95596f09\" class=\"  wd-button-wrapper text-center\"><a href=\"https:\/\/www.welterbe-gartenreich.de\/produkt\/gruppenangebote\/schlossfuehrung-schloss-woerlitz\/\" title=\"\" class=\"btn btn-color-alt btn-style-default btn-shape-rectangle btn-size-default\">More<\/a><\/div><\/div>\t\t\t\t\t<\/div>\n\t\t\t\t<\/div>\n\n\t\t\t\t\t\t\t\t\t<a class=\"wd-promo-banner-link wd-fill\" aria-label=\"Banner link\" href=\"https:\/\/www.welterbe-gartenreich.de\/produkt\/gruppenangebote\/schlossfuehrung-schloss-woerlitz\/\" title=\"\"><\/a>\n\t\t\t\t\n\t\t\t\t\t\t\t<\/div>\n\t\t<\/div>\n\n\t\t\t\t\t\t\t\t<\/div>\n\t\t\t\t\t<\/div>\n\n\t\t\t\t\t\t\t\t\t\t\t\t\t<div class=\"wd-nav-arrows wd-pos-sep wd-hover-1 wd-icon-1\">\n\t\t\t<div class=\"wd-btn-arrow wd-prev wd-disabled\">\n\t\t\t\t<div class=\"wd-arrow-inner\"><\/div>\n\t\t\t<\/div>\n\t\t\t<div class=\"wd-btn-arrow wd-next\">\n\t\t\t\t<div class=\"wd-arrow-inner\"><\/div>\n\t\t\t<\/div>\n\t\t<\/div>\n\t\t\t\t\t\t\t\t\t\t\t<\/div>\n\n\t\t\t\t\t\t<div class=\"wd-nav-pagin-wrap text-center wd-style-shape wd-hide-md-sm wd-hide-sm\">\n\t\t\t<ul class=\"wd-nav-pagin\"><\/ul>\n\t\t<\/div>\n\t\t\t\t\t\t\t\t\t<\/div>\n\n\t\t[\/vc_column][\/vc_row][vc_row woodmart_css_id=&#8221;61c0f77fc8a31&#8243; mobile_bg_img_hidden=&#8221;no&#8221; tablet_bg_img_hidden=&#8221;no&#8221; woodmart_parallax=&#8221;0&#8243; woodmart_gradient_switch=&#8221;no&#8221; woodmart_box_shadow=&#8221;no&#8221; wd_z_index=&#8221;no&#8221; woodmart_disable_overflow=&#8221;0&#8243; row_reverse_mobile=&#8221;0&#8243; row_reverse_tablet=&#8221;0&#8243;][vc_column][vc_text_separator title=&#8221;Any questions?&#8221; color=&#8221;black&#8221; el_class=&#8221;welterbe-abschnitt-ueberschrift&#8221;][vc_custom_heading text=&#8221;We are here for you&#8221; font_container=&#8221;tag:p|text_align:center&#8221; use_theme_fonts=&#8221;yes&#8221; css_animation=&#8221;appear&#8221; css=&#8221;&#8221; el_class=&#8221;welterbe-abschnitt-beschreibung&#8221;][\/vc_column][\/vc_row][vc_row woodmart_css_id=&#8221;61d2ff8fb2ca3&#8243; mobile_bg_img_hidden=&#8221;no&#8221; tablet_bg_img_hidden=&#8221;no&#8221; woodmart_parallax=&#8221;0&#8243; woodmart_gradient_switch=&#8221;no&#8221; woodmart_box_shadow=&#8221;yes&#8221; wd_z_index=&#8221;no&#8221; woodmart_disable_overflow=&#8221;0&#8243; row_reverse_mobile=&#8221;0&#8243; row_reverse_tablet=&#8221;0&#8243;][vc_column width=&#8221;1\/2&#8243;]\t\t\t<div class=\"info-box-wrapper\">\n\t\t\t\t<div id=\"wd-65bccc9941dd4\" class=\" wd-rs-65bccc9941dd4 wd-info-box wd-wpb text-center box-icon-align-top box-style- color-scheme- wd-bg-none \">\n\t\t\t\t\t\t\t\t\t\t<div class=\"info-box-content\">\n\t\t\t\t\t\t<div class=\"info-box-subtitle subtitle-color-default wd-fontsize-xs subtitle-style-default\">Gartenreich Dessau-W\u00f6rlitz<\/div><h4 class=\"info-box-title title box-title-style-default wd-fontsize-m\">Touristinformation<\/h4>\t\t\t\t\t\t<div class=\"info-box-inner reset-last-child\"><p>in the kitchen building at W\u00f6rlitz Palace<br \/>\nKirchgasse 35, D-06785 Oranienbaum-W\u00f6rlitz<br \/>\nPhone +49 (0) 3 49 05.3 10 09<br \/>\n<a href=\"mailto:info@welterbe-gartenreich.de\">info@welterbe-gartenreich.de<\/a><br \/>\n<a href=\"http:\/\/www.welterbe-gartenreich.de\" target=\"_blank\" rel=\"noopener\">www.welterbe-gartenreich.de<\/a><\/p>\n<\/div>\n\n\t\t\t\t\t\t\t\t\t\t\t<\/div>\n\n\t\t\t\t\t\n\t\t\t\t\t\t\t\t\t<\/div>\n\t\t\t<\/div>\n\t\t[\/vc_column][vc_column width=&#8221;1\/2&#8243;]\t\t\t<div class=\"info-box-wrapper\">\n\t\t\t\t<div id=\"wd-6942bfa97b1e3\" class=\" wd-rs-6942bfa97b1e3 wd-info-box wd-wpb text-center box-icon-align-top box-style- color-scheme- wd-bg-none \">\n\t\t\t\t\t\t\t\t\t\t<div class=\"info-box-content\">\n\t\t\t\t\t\t<h4 class=\"info-box-title title box-title-style-default wd-fontsize-m\">Opening hours 2026<\/h4>\t\t\t\t\t\t<div class=\"info-box-inner reset-last-child\"><p>January to March 20, November, December:<br \/>\nMon to Fri 9:30 am to 4:00 pm<\/p>\n<p>21. March to November 1:<br \/>\nMon to Thu, Sun, public holidays 9:30 am to 4:00 pm<br \/>\nFri and Sat 9:30 am to 5:00 pm<\/p>\n<\/div>\n\n\t\t\t\t\t\t\t\t\t\t\t<\/div>\n\n\t\t\t\t\t\n\t\t\t\t\t\t\t\t\t<\/div>\n\t\t\t<\/div>\n\t\t[\/vc_column][\/vc_row]<\/p>\n<\/div>","protected":false},"excerpt":{"rendered":"<p>[vc_row gap=&#8221;25&#8243; content_placement=&#8221;top&#8221; mobile_bg_img_hidden=&#8221;no&#8221; tablet_bg_img_hidden=&#8221;no&#8221; woodmart_parallax=&#8221;0&#8243; woodmart_gradient_switch=&#8221;no&#8221; row_reverse_mobile=&#8221;0&#8243; row_reverse_tablet=&#8221;0&#8243; woodmart_disable_overflow=&#8221;0&#8243;][vc_column offset=&#8221;vc_col-lg-offset-0&#8243; mobile_bg_img_hidden=&#8221;no&#8221; tablet_bg_img_hidden=&#8221;no&#8221; woodmart_parallax=&#8221;0&#8243; woodmart_sticky_column=&#8221;false&#8221; parallax_scroll=&#8221;no&#8221; mobile_reset_margin=&#8221;no&#8221; tablet_reset_margin=&#8221;no&#8221; el_class=&#8221;bild-oben-text-box&#8221;][vc_gallery interval=&#8221;5&#8243;<\/p>\n","protected":false},"author":1,"featured_media":13865,"parent":19522,"menu_order":0,"comment_status":"closed","ping_status":"closed","template":"","meta":{"_acf_changed":false,"_seopress_robots_primary_cat":"","_seopress_titles_title":"%%post_title%% | W\u00f6rlitzer Park","_seopress_titles_desc":"Anyone who enters W\u00f6rlitz Palace will be amazed. Like the surrounding park, the classicist country house is a journey around the world and time in miniature. As part of guided tours, W\u00f6rlitz Castle with its numerous treasures and original interior is open to you. ","_seopress_robots_index":"","footnotes":""},"class_list":["post-12017","page","type-page","status-publish","has-post-thumbnail","hentry"],"acf":[],"_links":{"self":[{"href":"https:\/\/www.welterbe-gartenreich.de\/en\/wp-json\/wp\/v2\/pages\/12017","targetHints":{"allow":["GET"]}}],"collection":[{"href":"https:\/\/www.welterbe-gartenreich.de\/en\/wp-json\/wp\/v2\/pages"}],"about":[{"href":"https:\/\/www.welterbe-gartenreich.de\/en\/wp-json\/wp\/v2\/types\/page"}],"author":[{"embeddable":true,"href":"https:\/\/www.welterbe-gartenreich.de\/en\/wp-json\/wp\/v2\/users\/1"}],"replies":[{"embeddable":true,"href":"https:\/\/www.welterbe-gartenreich.de\/en\/wp-json\/wp\/v2\/comments?post=12017"}],"version-history":[{"count":12,"href":"https:\/\/www.welterbe-gartenreich.de\/en\/wp-json\/wp\/v2\/pages\/12017\/revisions"}],"predecessor-version":[{"id":22024,"href":"https:\/\/www.welterbe-gartenreich.de\/en\/wp-json\/wp\/v2\/pages\/12017\/revisions\/22024"}],"up":[{"embeddable":true,"href":"https:\/\/www.welterbe-gartenreich.de\/en\/wp-json\/wp\/v2\/pages\/19522"}],"wp:featuredmedia":[{"embeddable":true,"href":"https:\/\/www.welterbe-gartenreich.de\/en\/wp-json\/wp\/v2\/media\/13865"}],"wp:attachment":[{"href":"https:\/\/www.welterbe-gartenreich.de\/en\/wp-json\/wp\/v2\/media?parent=12017"}],"curies":[{"name":"wp","href":"https:\/\/api.w.org\/{rel}","templated":true}]}}