{"id":11941,"date":"2022-02-01T09:30:13","date_gmt":"2022-02-01T08:30:13","guid":{"rendered":"https:\/\/www.welterbe-gartenreich.de\/home-camping\/"},"modified":"2026-08-06T09:52:39","modified_gmt":"2026-08-06T07:52:39","slug":"home-camping","status":"publish","type":"page","link":"https:\/\/www.welterbe-gartenreich.de\/en\/","title":{"rendered":"Homepage"},"content":{"rendered":"<div class=\"wpb-content-wrapper\" id=\"wpb-content-root\"><p>[vc_row disable_element=&#8221;yes&#8221; full_width=&#8221;stretch_row&#8221; css=&#8221;.vc_custom_1639052232785{background-color: #752d2a !important;}&#8221; mobile_bg_img_hidden=&#8221;no&#8221; tablet_bg_img_hidden=&#8221;no&#8221; woodmart_parallax=&#8221;0&#8243; woodmart_gradient_switch=&#8221;no&#8221; row_reverse_mobile=&#8221;0&#8243; row_reverse_tablet=&#8221;0&#8243; woodmart_disable_overflow=&#8221;0&#8243; el_id=&#8221;home-note&#8221; woodmart_css_id=&#8221;61b1f3b61202c&#8221; woodmart_box_shadow=&#8221;no&#8221; wd_z_index=&#8221;no&#8221;][vc_column mobile_bg_img_hidden=&#8221;no&#8221; tablet_bg_img_hidden=&#8221;no&#8221; woodmart_parallax=&#8221;0&#8243; woodmart_sticky_column=&#8221;false&#8221; el_class=&#8221;startseite-hinweis-container&#8221; parallax_scroll=&#8221;no&#8221; mobile_reset_margin=&#8221;no&#8221; tablet_reset_margin=&#8221;no&#8221;][vc_column_text css=&#8221;.vc_custom_1636104697107{margin-bottom: 0px !important;padding-bottom: 0px !important;}&#8221; woodmart_color_scheme=&#8221;light&#8221; woodmart_inline=&#8221;no&#8221; text_larger=&#8221;no&#8221;]<\/p>\n<p style=\"text-align: center;\">Current information&#8230;<\/p>\n<p>[\/vc_column_text][\/vc_column][\/vc_row][vc_row gap=&#8221;25&#8243; mobile_bg_img_hidden=&#8221;no&#8221; tablet_bg_img_hidden=&#8221;no&#8221; woodmart_parallax=&#8221;0&#8243; woodmart_gradient_switch=&#8221;no&#8221; row_reverse_mobile=&#8221;0&#8243; row_reverse_tablet=&#8221;0&#8243; woodmart_disable_overflow=&#8221;0&#8243;][vc_column offset=&#8221;vc_col-lg-offset-0&#8243; mobile_bg_img_hidden=&#8221;no&#8221; tablet_bg_img_hidden=&#8221;no&#8221; woodmart_parallax=&#8221;0&#8243; woodmart_sticky_column=&#8221;false&#8221; parallax_scroll=&#8221;no&#8221; mobile_reset_margin=&#8221;no&#8221; tablet_reset_margin=&#8221;no&#8221; el_class=&#8221;bild-oben-text-box&#8221;][vc_gallery onclick=&#8221;&#8221; images=&#8221;23569,23564,20405,20626,16413,23571,23555,16872&#8243; img_size=&#8221;box-top-image&#8221; interval=&#8221;5&#8243; css=&#8221;.vc_custom_1785943905766{margin-bottom: 0px !important;padding-bottom: 0px !important;}&#8221; el_class=&#8221;slider-oben&#8221;][vc_row_inner][vc_column_inner el_class=&#8221;box-text-block&#8221;][vc_custom_heading text=&#8221;Welcome&#8221; font_container=&#8221;tag:h2|text_align:center|color:rgba(0%2C0%2C0%2C0.55)&#8221; use_theme_fonts=&#8221;yes&#8221; el_class=&#8221;box-erste-ueberschrift&#8221;][vc_custom_heading text=&#8221;in the Garden Realm of Dessau-W\u00f6rlitz&#8221; font_container=&#8221;tag:h3|text_align:center|color:rgba(0%2C0%2C0%2C0.55)&#8221; use_theme_fonts=&#8221;yes&#8221; el_class=&#8221;box-zweite-ueberschrift&#8221;][vc_column_text woodmart_color_scheme=&#8221;dark&#8221; woodmart_inline=&#8221;no&#8221; text_larger=&#8221;no&#8221; el_class=&#8221;box-text&#8221;]<\/p>\n<p style=\"text-align: center;\">Rich in art, rich in history, rich in beauty &#8211; that is the Garden Realm of Dessau-W\u00f6rlitz. Set against the picturesque natural backdrop of the Elbe and Mulde rivers, it was created in the 18th century as the ambitious project of a young prince. Since then, it has delighted countless visitors with its unique character as a symbol of the Enlightenment and its enchanting centerpiece &#8211; Park W\u00f6rlitz. Among them was none other than Johann Wolfgang von Goethe, who described the park with delight as &#8220;infinitely beautiful&#8221;. Do as the great poet did and visit the Garden Realm!    <\/p>\n<p>[\/vc_column_text][\/vc_column_inner][\/vc_row_inner][\/vc_column][\/vc_row][vc_row woodmart_css_id=&#8221;61c0f77fc8a31&#8243; mobile_bg_img_hidden=&#8221;no&#8221; tablet_bg_img_hidden=&#8221;no&#8221; woodmart_parallax=&#8221;0&#8243; woodmart_gradient_switch=&#8221;no&#8221; woodmart_box_shadow=&#8221;no&#8221; wd_z_index=&#8221;no&#8221; woodmart_disable_overflow=&#8221;0&#8243; row_reverse_mobile=&#8221;0&#8243; row_reverse_tablet=&#8221;0&#8243;][vc_column][vc_text_separator title=&#8221;What to expect&#8221; color=&#8221;black&#8221; el_class=&#8221;welterbe-abschnitt-ueberschrift&#8221; accent_color=&#8221;#2A2A2A&#8221;][vc_custom_heading text=&#8221;Historic Parks and Palaces in a Unique Cultural Landscape&#8221; font_container=&#8221;tag:p|text_align:center&#8221; use_theme_fonts=&#8221;yes&#8221; css_animation=&#8221;none&#8221; el_class=&#8221;welterbe-abschnitt-beschreibung&#8221;][\/vc_column][\/vc_row][vc_row woodmart_css_id=&#8221;67b5e8e5c66f9&#8243; responsive_spacing=&#8221;eyJwYXJhbV90eXBlIjoid29vZG1hcnRfcmVzcG9uc2l2ZV9zcGFjaW5nIiwic2VsZWN0b3JfaWQiOiI2N2I1ZThlNWM2NmY5Iiwic2hvcnRjb2RlIjoidmNfcm93IiwiZGF0YSI6eyJ0YWJsZXQiOnt9LCJtb2JpbGUiOnt9fX0=&#8221; mobile_bg_img_hidden=&#8221;no&#8221; tablet_bg_img_hidden=&#8221;no&#8221; woodmart_parallax=&#8221;0&#8243; woodmart_gradient_switch=&#8221;no&#8221; woodmart_box_shadow=&#8221;no&#8221; wd_z_index=&#8221;no&#8221; woodmart_disable_overflow=&#8221;0&#8243; row_reverse_mobile=&#8221;0&#8243; row_reverse_tablet=&#8221;0&#8243; el_class=&#8221;carousel-row&#8221;][vc_column]\n\t\t\t<div id=\"carousel-168\" class=\"wd-carousel-container banners-carousel-wrapper   wd-rs-67b64728dd537\">\n\t\t\t\t<div class=\"wd-carousel-inner\">\n\t\t\t\t\t<div class=\"wd-carousel wd-grid banners-carousel carousel-front-two-element carousel-front-element\" data-scroll_per_page=\"yes\" style=\"--wd-col-lg:2.5;--wd-col-md:2;--wd-col-sm:1;--wd-gap-lg:20px;--wd-gap-sm:10px;\">\n\t\t\t\t\t\t<div class=\"wd-carousel-wrap\">\n\t\t\t\t\t\t\t\t\t<div class=\"promo-banner-wrapper  wd-rs-67bdf0e0762a3  wd-carousel-item\">\n\t\t\t\t\t\t<div id=\"wd-67bdf0e0762a3\" class=\"promo-banner  banner-content-background banner-hover-none color-scheme-dark banner-btn-size-default banner-btn-style-default carousel-element with-btn banner-btn-position-static wd-with-link wd-underline-colored\">\n\t\t\t\t<div class=\"main-wrapp-img\">\n\t\t\t\t\t<div class=\"banner-image wd-bg-position-center\" >\n\t\t\t\t\t\t<img loading=\"lazy\" decoding=\"async\" title = \"W\u00f6rlitzer Park, Gondelfahrt &copy;IMG Sachsen-Anhalt mbH\" width=\"477\" height=\"316\" src=\"https:\/\/www.welterbe-gartenreich.de\/wp-content\/uploads\/2023\/11\/Gondelfahrt_Woerlitz_IMG-4-477x316.jpg\" class=\"attachment-477x316 size-477x316\" alt=\"\" srcset=\"https:\/\/www.welterbe-gartenreich.de\/wp-content\/uploads\/2023\/11\/Gondelfahrt_Woerlitz_IMG-4-477x316.jpg 477w, https:\/\/www.welterbe-gartenreich.de\/wp-content\/uploads\/2023\/11\/Gondelfahrt_Woerlitz_IMG-4-391x260.jpg 391w, https:\/\/www.welterbe-gartenreich.de\/wp-content\/uploads\/2023\/11\/Gondelfahrt_Woerlitz_IMG-4-394x260.jpg 394w, https:\/\/www.welterbe-gartenreich.de\/wp-content\/uploads\/2023\/11\/Gondelfahrt_Woerlitz_IMG-4-150x100.jpg 150w\" sizes=\"auto, (max-width: 477px) 100vw, 477px\" \/>\t\t\t\t\t<\/div>\n\t\t\t\t<\/div>\n\n\t\t\t\t<div class=\"wrapper-content-banner wd-fill  wd-items-bottom wd-justify-center\">\n\t\t\t\t\t<div class=\"content-banner  text-center\">\n\t\t\t\t\t\t<h2 class=\"banner-title wd-font-weight- wd-fontsize-xl\">Gondola rides<\/h2>\t\t\t\t\t\t\t\t\t\t\t\t\t<div class=\"banner-inner reset-last-child wd-fontsize-s\">\n\t\t\t\t\t\t\t\t<p>For most guests, it is and remains the highlight of their visit to W\u00f6rlitz Park: the gondola ride across the lake and through the canals. Unique!<\/p>\n\t\t\t\t\t\t\t<\/div>\n\t\t\t\t\t\t\n\t\t\t\t\t\t\n\t\t\t\t\t\t<div class=\"banner-btn-wrapper\"><div id=\"wd-6a967e34b08e7\" class=\"  wd-button-wrapper text-center\"><a href=\"https:\/\/www.welterbe-gartenreich.de\/en\/unesco-world-heritage-site\/park-woerlitz\/gondeln-und-faehren\/\" title=\"\" class=\"btn btn-color-alt btn-style-default btn-shape-rectangle btn-size-default\">More<\/a><\/div><\/div>\t\t\t\t\t<\/div>\n\t\t\t\t<\/div>\n\n\t\t\t\t\t\t\t\t\t<a class=\"wd-promo-banner-link wd-fill\" aria-label=\"Banner link\" href=\"https:\/\/www.welterbe-gartenreich.de\/en\/unesco-world-heritage-site\/park-woerlitz\/gondeln-und-faehren\/\" title=\"\"><\/a>\n\t\t\t\t\n\t\t\t\t\t\t\t<\/div>\n\t\t<\/div>\n\n\t\t\t\t<div class=\"promo-banner-wrapper  wd-rs-69c398a71ba77  wd-carousel-item\">\n\t\t\t\t\t\t<div id=\"wd-69c398a71ba77\" class=\"promo-banner  banner-content-background banner-hover-none color-scheme-dark banner-btn-size-default banner-btn-style-default carousel-element with-btn banner-btn-position-static wd-with-link wd-underline-colored\">\n\t\t\t\t<div class=\"main-wrapp-img\">\n\t\t\t\t\t<div class=\"banner-image wd-bg-position-center\" >\n\t\t\t\t\t\t<img loading=\"lazy\" decoding=\"async\" title = \"Seekonzert &copy;Sabine Scheffler\" width=\"477\" height=\"316\" src=\"https:\/\/www.welterbe-gartenreich.de\/wp-content\/uploads\/2021\/12\/2021.12.06_Startseite_Gartenreichsommer_PY8A9764_b_2400x1600px-477x316.jpg\" class=\"attachment-477x316 size-477x316\" alt=\"\" srcset=\"https:\/\/www.welterbe-gartenreich.de\/wp-content\/uploads\/2021\/12\/2021.12.06_Startseite_Gartenreichsommer_PY8A9764_b_2400x1600px-477x316.jpg 477w, https:\/\/www.welterbe-gartenreich.de\/wp-content\/uploads\/2021\/12\/2021.12.06_Startseite_Gartenreichsommer_PY8A9764_b_2400x1600px-394x260.jpg 394w, https:\/\/www.welterbe-gartenreich.de\/wp-content\/uploads\/2021\/12\/2021.12.06_Startseite_Gartenreichsommer_PY8A9764_b_2400x1600px-391x260.jpg 391w, https:\/\/www.welterbe-gartenreich.de\/wp-content\/uploads\/2021\/12\/2021.12.06_Startseite_Gartenreichsommer_PY8A9764_b_2400x1600px-150x100.jpg 150w\" sizes=\"auto, (max-width: 477px) 100vw, 477px\" \/>\t\t\t\t\t<\/div>\n\t\t\t\t<\/div>\n\n\t\t\t\t<div class=\"wrapper-content-banner wd-fill  wd-items-bottom wd-justify-center\">\n\t\t\t\t\t<div class=\"content-banner  text-center\">\n\t\t\t\t\t\t<h2 class=\"banner-title wd-font-weight- wd-fontsize-xl\">Garden Realm Summer<\/h2>\t\t\t\t\t\t\t\t\t\t\t\t\t<div class=\"banner-inner reset-last-child wd-fontsize-s\">\n\t\t\t\t\t\t\t\t<p>Experience and enjoy the Garden Kingdom when it is brought to life by the most beautiful melodies. Tickets for lake concerts, palace concerts, picnic concerts and much more are available here.<\/p>\n\t\t\t\t\t\t\t<\/div>\n\t\t\t\t\t\t\n\t\t\t\t\t\t\n\t\t\t\t\t\t<div class=\"banner-btn-wrapper\"><div id=\"wd-6a967e34b1183\" class=\"  wd-button-wrapper text-center\"><a href=\"https:\/\/anhaltisches-theater.de\/gartenreichsommer\" title=\"\" target=\"_blank\" class=\"btn btn-color-alt btn-style-default btn-shape-rectangle btn-size-default\">More<\/a><\/div><\/div>\t\t\t\t\t<\/div>\n\t\t\t\t<\/div>\n\n\t\t\t\t\t\t\t\t\t<a class=\"wd-promo-banner-link wd-fill\" aria-label=\"Banner link\" href=\"https:\/\/anhaltisches-theater.de\/gartenreichsommer\" title=\"\" target=\"_blank\"><\/a>\n\t\t\t\t\n\t\t\t\t\t\t\t<\/div>\n\t\t<\/div>\n\n\t\t\t\t<div class=\"promo-banner-wrapper  wd-rs-69d4b1f535f5f  wd-carousel-item\">\n\t\t\t\t\t\t<div id=\"wd-69d4b1f535f5f\" class=\"promo-banner  banner-content-background banner-hover-none color-scheme-dark banner-btn-size-default banner-btn-style-default carousel-element with-btn banner-btn-position-static wd-with-link wd-underline-colored\">\n\t\t\t\t<div class=\"main-wrapp-img\">\n\t\t\t\t\t<div class=\"banner-image wd-bg-position-center\" >\n\t\t\t\t\t\t<img loading=\"lazy\" decoding=\"async\" title = \"W\u00f6rlitzer Park, Muschelnymphe &copy;Sabine Scheffler\" width=\"477\" height=\"316\" src=\"https:\/\/www.welterbe-gartenreich.de\/wp-content\/uploads\/2023\/07\/Woerlitzer-Park-Parkfuehrung_7674_korr-1-477x316.jpg\" class=\"attachment-477x316 size-477x316\" alt=\"W\u00f6rlitzer Park, Muschelnymphe\" srcset=\"https:\/\/www.welterbe-gartenreich.de\/wp-content\/uploads\/2023\/07\/Woerlitzer-Park-Parkfuehrung_7674_korr-1-477x316.jpg 477w, https:\/\/www.welterbe-gartenreich.de\/wp-content\/uploads\/2023\/07\/Woerlitzer-Park-Parkfuehrung_7674_korr-1-391x260.jpg 391w, https:\/\/www.welterbe-gartenreich.de\/wp-content\/uploads\/2023\/07\/Woerlitzer-Park-Parkfuehrung_7674_korr-1-394x260.jpg 394w, https:\/\/www.welterbe-gartenreich.de\/wp-content\/uploads\/2023\/07\/Woerlitzer-Park-Parkfuehrung_7674_korr-1-150x100.jpg 150w\" sizes=\"auto, (max-width: 477px) 100vw, 477px\" \/>\t\t\t\t\t<\/div>\n\t\t\t\t<\/div>\n\n\t\t\t\t<div class=\"wrapper-content-banner wd-fill  wd-items-bottom wd-justify-center\">\n\t\t\t\t\t<div class=\"content-banner  text-center\">\n\t\t\t\t\t\t<h2 class=\"banner-title wd-font-weight- wd-fontsize-xl\">Public guided park tours<\/h2>\t\t\t\t\t\t\t\t\t\t\t\t\t<div class=\"banner-inner reset-last-child wd-fontsize-s\">\n\t\t\t\t\t\t\t\t<p>Accompany us through the W\u00f6rlitz Park, the &#8220;infinitely beautiful&#8221; heart of the UNESCO World Heritage Garden Kingdom of Dessau-W\u00f6rlitz, and let yourself be inspired.<\/p>\n\t\t\t\t\t\t\t<\/div>\n\t\t\t\t\t\t\n\t\t\t\t\t\t\n\t\t\t\t\t\t<div class=\"banner-btn-wrapper\"><div id=\"wd-6a967e34b1917\" class=\"  wd-button-wrapper text-center\"><a href=\"https:\/\/www.welterbe-gartenreich.de\/en\/veranstaltung\/public-park-tour-in-woerlitzer-park\/\" title=\"\" class=\"btn btn-color-alt btn-style-default btn-shape-rectangle btn-size-default\">More<\/a><\/div><\/div>\t\t\t\t\t<\/div>\n\t\t\t\t<\/div>\n\n\t\t\t\t\t\t\t\t\t<a class=\"wd-promo-banner-link wd-fill\" aria-label=\"Banner link\" href=\"https:\/\/www.welterbe-gartenreich.de\/en\/veranstaltung\/public-park-tour-in-woerlitzer-park\/\" title=\"\"><\/a>\n\t\t\t\t\n\t\t\t\t\t\t\t<\/div>\n\t\t<\/div>\n\n\t\t\t\t<div class=\"promo-banner-wrapper  wd-rs-67bc949664356  wd-carousel-item\">\n\t\t\t\t\t\t<div id=\"wd-67bc949664356\" class=\"promo-banner  banner-content-background banner-hover-none color-scheme-dark banner-btn-size-default banner-btn-style-default carousel-element with-btn banner-btn-position-static wd-with-link wd-underline-colored\">\n\t\t\t\t<div class=\"main-wrapp-img\">\n\t\t\t\t\t<div class=\"banner-image wd-bg-position-center\" >\n\t\t\t\t\t\t<img loading=\"lazy\" decoding=\"async\" title = \"Marktfrau Oranienbaum &copy;Marktfrau Oranienbaum\" width=\"477\" height=\"316\" src=\"https:\/\/www.welterbe-gartenreich.de\/wp-content\/uploads\/2025\/02\/DSC07900-scaled-477x316.jpg\" class=\"attachment-477x316 size-477x316\" alt=\"\" srcset=\"https:\/\/www.welterbe-gartenreich.de\/wp-content\/uploads\/2025\/02\/DSC07900-scaled-477x316.jpg 477w, https:\/\/www.welterbe-gartenreich.de\/wp-content\/uploads\/2025\/02\/DSC07900-391x260.jpg 391w, https:\/\/www.welterbe-gartenreich.de\/wp-content\/uploads\/2025\/02\/DSC07900-394x260.jpg 394w, https:\/\/www.welterbe-gartenreich.de\/wp-content\/uploads\/2025\/02\/DSC07900-150x100.jpg 150w\" sizes=\"auto, (max-width: 477px) 100vw, 477px\" \/>\t\t\t\t\t<\/div>\n\t\t\t\t<\/div>\n\n\t\t\t\t<div class=\"wrapper-content-banner wd-fill  wd-items-bottom wd-justify-center\">\n\t\t\t\t\t<div class=\"content-banner  text-center\">\n\t\t\t\t\t\t<h2 class=\"banner-title wd-font-weight- wd-fontsize-xl\">Thematic guided tours<\/h2>\t\t\t\t\t\t\t\t\t\t\t\t\t<div class=\"banner-inner reset-last-child wd-fontsize-s\">\n\t\t\t\t\t\t\t\t<p>The themes of the many special tours in the Garden Realm are as colorful and multifaceted as the World Heritage Site itself.<\/p>\n\t\t\t\t\t\t\t<\/div>\n\t\t\t\t\t\t\n\t\t\t\t\t\t\n\t\t\t\t\t\t<div class=\"banner-btn-wrapper\"><div id=\"wd-6a967e34b227f\" class=\"  wd-button-wrapper text-center\"><a href=\"https:\/\/www.welterbe-gartenreich.de\/en\/event-category\/guidance\/\" title=\"\" class=\"btn btn-color-alt btn-style-default btn-shape-rectangle btn-size-default\">More<\/a><\/div><\/div>\t\t\t\t\t<\/div>\n\t\t\t\t<\/div>\n\n\t\t\t\t\t\t\t\t\t<a class=\"wd-promo-banner-link wd-fill\" aria-label=\"Banner link\" href=\"https:\/\/www.welterbe-gartenreich.de\/en\/event-category\/guidance\/\" title=\"\"><\/a>\n\t\t\t\t\n\t\t\t\t\t\t\t<\/div>\n\t\t<\/div>\n\n\t\t\t\t<div class=\"promo-banner-wrapper  wd-rs-67bc89498bd6d  wd-carousel-item\">\n\t\t\t\t\t\t<div id=\"wd-67bc89498bd6d\" class=\"promo-banner  banner-content-background banner-hover-none color-scheme-dark banner-btn-size-default banner-btn-style-default carousel-element with-btn banner-btn-position-static wd-with-link wd-underline-colored\">\n\t\t\t\t<div class=\"main-wrapp-img\">\n\t\t\t\t\t<div class=\"banner-image wd-bg-position-center\" >\n\t\t\t\t\t\t<img loading=\"lazy\" decoding=\"async\" title = \"W\u00f6rlitzer Park &copy;IMG Sachsen-Anhalt mbH, Maximilian Wiesenbach\" width=\"477\" height=\"316\" src=\"https:\/\/www.welterbe-gartenreich.de\/wp-content\/uploads\/2024\/04\/Woerlitzer-Park_IMG-Sachsen-Anhalt-mbH_Maximilian-Wiesenbach-scaled-477x316.jpg\" class=\"attachment-477x316 size-477x316\" alt=\"W\u00f6rlitzer Park\" srcset=\"https:\/\/www.welterbe-gartenreich.de\/wp-content\/uploads\/2024\/04\/Woerlitzer-Park_IMG-Sachsen-Anhalt-mbH_Maximilian-Wiesenbach-scaled-477x316.jpg 477w, https:\/\/www.welterbe-gartenreich.de\/wp-content\/uploads\/2024\/04\/Woerlitzer-Park_IMG-Sachsen-Anhalt-mbH_Maximilian-Wiesenbach-391x260.jpg 391w, https:\/\/www.welterbe-gartenreich.de\/wp-content\/uploads\/2024\/04\/Woerlitzer-Park_IMG-Sachsen-Anhalt-mbH_Maximilian-Wiesenbach-scaled-394x260.jpg 394w, https:\/\/www.welterbe-gartenreich.de\/wp-content\/uploads\/2024\/04\/Woerlitzer-Park_IMG-Sachsen-Anhalt-mbH_Maximilian-Wiesenbach-150x100.jpg 150w\" sizes=\"auto, (max-width: 477px) 100vw, 477px\" \/>\t\t\t\t\t<\/div>\n\t\t\t\t<\/div>\n\n\t\t\t\t<div class=\"wrapper-content-banner wd-fill  wd-items-bottom wd-justify-center\">\n\t\t\t\t\t<div class=\"content-banner  text-center\">\n\t\t\t\t\t\t<h2 class=\"banner-title wd-font-weight- wd-fontsize-xl\">Interactive Map<\/h2>\t\t\t\t\t\t\t\t\t\t\t\t\t<div class=\"banner-inner reset-last-child wd-fontsize-s\">\n\t\t\t\t\t\t\t\t<p>A compact presentation of all the highlights and numerous sights: So you can plan your visit easily and individually.<\/p>\n\t\t\t\t\t\t\t<\/div>\n\t\t\t\t\t\t\n\t\t\t\t\t\t\n\t\t\t\t\t\t<div class=\"banner-btn-wrapper\"><div id=\"wd-6a967e34b2b50\" class=\"  wd-button-wrapper text-center\"><a href=\"https:\/\/www.welterbe-gartenreich.de\/karte\/?region=welterbe&#038;layers=\" title=\"\" class=\"btn btn-color-alt btn-style-default btn-shape-rectangle btn-size-default\">More<\/a><\/div><\/div>\t\t\t\t\t<\/div>\n\t\t\t\t<\/div>\n\n\t\t\t\t\t\t\t\t\t<a class=\"wd-promo-banner-link wd-fill\" aria-label=\"Banner link\" href=\"https:\/\/www.welterbe-gartenreich.de\/karte\/?region=welterbe&#038;layers=\" title=\"\"><\/a>\n\t\t\t\t\n\t\t\t\t\t\t\t<\/div>\n\t\t<\/div>\n\n\t\t\t\t\t\t\t\t<\/div>\n\t\t\t\t\t<\/div>\n\n\t\t\t\t\t\t\t\t\t\t\t\t\t<div class=\"wd-nav-arrows wd-pos-sep wd-hover-1 wd-icon-1\">\n\t\t\t<div class=\"wd-btn-arrow wd-prev wd-disabled\">\n\t\t\t\t<div class=\"wd-arrow-inner\"><\/div>\n\t\t\t<\/div>\n\t\t\t<div class=\"wd-btn-arrow wd-next\">\n\t\t\t\t<div class=\"wd-arrow-inner\"><\/div>\n\t\t\t<\/div>\n\t\t<\/div>\n\t\t\t\t\t\t\t\t\t\t\t<\/div>\n\n\t\t\t\t\t\t<div class=\"wd-nav-pagin-wrap text-center wd-style-shape wd-hide-md-sm wd-hide-sm\">\n\t\t\t<ul class=\"wd-nav-pagin\"><\/ul>\n\t\t<\/div>\n\t\t\t\t\t\t\t\t\t<\/div>\n\n\t\t[\/vc_column][\/vc_row][vc_row woodmart_css_id=&#8221;61c0f77fc8a31&#8243; mobile_bg_img_hidden=&#8221;no&#8221; tablet_bg_img_hidden=&#8221;no&#8221; woodmart_parallax=&#8221;0&#8243; woodmart_gradient_switch=&#8221;no&#8221; woodmart_box_shadow=&#8221;no&#8221; wd_z_index=&#8221;no&#8221; woodmart_disable_overflow=&#8221;0&#8243; row_reverse_mobile=&#8221;0&#8243; row_reverse_tablet=&#8221;0&#8243;][vc_column][vc_text_separator title=&#8221;Inspirations&#8221; color=&#8221;black&#8221; el_class=&#8221;welterbe-abschnitt-ueberschrift&#8221;][vc_custom_heading text=&#8221;for your visit&#8221; font_container=&#8221;tag:p|text_align:center&#8221; use_theme_fonts=&#8221;yes&#8221; css_animation=&#8221;none&#8221; el_class=&#8221;welterbe-abschnitt-beschreibung&#8221;][\/vc_column][\/vc_row][vc_row][vc_column width=&#8221;1\/2&#8243;][vc_custom_heading text=&#8221;Suggestions and information&#8221; font_container=&#8221;tag:h3|text_align:center|color:%236c6b6a&#8221; use_theme_fonts=&#8221;yes&#8221; css_animation=&#8221;none&#8221; el_class=&#8221;box-zweite-ueberschrift&#8221;][vc_column_text woodmart_color_scheme=&#8221;dark&#8221; woodmart_inline=&#8221;no&#8221; text_larger=&#8221;no&#8221; el_class=&#8221;box-text&#8221;]<\/p>\n<p style=\"text-align: center;\">Our magazine is packed with all the information and plenty of tips for the 2026 season. Let it inspire you. Flip through it right here:  <\/p>\n<p>[\/vc_column_text]\t\t<div class=\"promo-banner-wrapper  wd-rs-69205865385e8 \">\n\t\t\t\t\t\t<div id=\"wd-69205865385e8\" class=\"promo-banner  banner- banner-hover-zoom color-scheme-light banner-btn-size-default banner-btn-style-default  wd-with-link wd-underline-colored\">\n\t\t\t\t<div class=\"main-wrapp-img\">\n\t\t\t\t\t<div class=\"banner-image wd-bg-position-center\" >\n\t\t\t\t\t\t<img loading=\"lazy\" decoding=\"async\" title = \"Touristmagazin 2026 &copy;WEZ gGmbH\" width=\"709\" height=\"567\" src=\"https:\/\/www.welterbe-gartenreich.de\/wp-content\/uploads\/2025\/10\/Cover_Faecher_Website.png\" class=\"attachment-full size-full\" alt=\"\" srcset=\"https:\/\/www.welterbe-gartenreich.de\/wp-content\/uploads\/2025\/10\/Cover_Faecher_Website.png 709w, https:\/\/www.welterbe-gartenreich.de\/wp-content\/uploads\/2025\/10\/Cover_Faecher_Website-499x399.png 499w, https:\/\/www.welterbe-gartenreich.de\/wp-content\/uploads\/2025\/10\/Cover_Faecher_Website-375x300.png 375w, https:\/\/www.welterbe-gartenreich.de\/wp-content\/uploads\/2025\/10\/Cover_Faecher_Website-150x120.png 150w\" sizes=\"auto, (max-width: 709px) 100vw, 709px\" \/>\t\t\t\t\t<\/div>\n\t\t\t\t<\/div>\n\n\t\t\t\t<div class=\"wrapper-content-banner wd-fill  wd-items-top wd-justify-left\">\n\t\t\t\t\t<div class=\"content-banner  text-left\">\n\t\t\t\t\t\t\t\t\t\t\t\t\n\t\t\t\t\t\t\n\t\t\t\t\t\t\t\t\t\t\t<\/div>\n\t\t\t\t<\/div>\n\n\t\t\t\t\t\t\t\t\t<a class=\"wd-promo-banner-link wd-fill\" aria-label=\"Banner link\" href=\"https:\/\/www.welterbe-gartenreich.de\/touristmagazin-2026\/\" title=\"Browse online\" target=\"_blank\"><\/a>\n\t\t\t\t\n\t\t\t\t\t\t\t<\/div>\n\t\t<\/div>\n\n\t\t[vc_empty_space woodmart_hide_large=&#8221;0&#8243; woodmart_hide_medium=&#8221;0&#8243; woodmart_hide_small=&#8221;0&#8243;][\/vc_column][vc_column width=&#8221;1\/2&#8243;][vc_custom_heading text=&#8221;Why don&apos;t you stay longer?&#8221; font_container=&#8221;tag:h3|text_align:center|color:%236c6b6a&#8221; use_theme_fonts=&#8221;yes&#8221; css_animation=&#8221;none&#8221; el_class=&#8221;box-zweite-ueberschrift&#8221;][vc_column_text woodmart_color_scheme=&#8221;dark&#8221; woodmart_inline=&#8221;no&#8221; text_larger=&#8221;no&#8221; el_class=&#8221;box-text&#8221;]<\/p>\n<p style=\"text-align: center;\">Find the right accommodation for your stay and stop off at one of our local restaurants and caf\u00e9s for the perfect Garden Realm experience:<\/p>\n<p>[\/vc_column_text]\t\t<div class=\"promo-banner-wrapper  wd-rs-69d4b26ce5882 \">\n\t\t\t\t\t\t<div id=\"wd-69d4b26ce5882\" class=\"promo-banner  banner- banner-hover-zoom color-scheme-light banner-btn-size-default banner-btn-style-default  wd-with-link wd-underline-colored\">\n\t\t\t\t<div class=\"main-wrapp-img\">\n\t\t\t\t\t<div class=\"banner-image wd-bg-position-center\" >\n\t\t\t\t\t\t<img loading=\"lazy\" decoding=\"async\" title = \"Gastgeberverzeichnis 2026 \u00a9WEZgGmbH\" width=\"709\" height=\"567\" src=\"https:\/\/www.welterbe-gartenreich.de\/wp-content\/uploads\/2025\/12\/Gastgeberverzeichnis-2026_Cover_Faecher.png\" class=\"attachment-full size-full\" alt=\"\" srcset=\"https:\/\/www.welterbe-gartenreich.de\/wp-content\/uploads\/2025\/12\/Gastgeberverzeichnis-2026_Cover_Faecher.png 709w, https:\/\/www.welterbe-gartenreich.de\/wp-content\/uploads\/2025\/12\/Gastgeberverzeichnis-2026_Cover_Faecher-499x399.png 499w, https:\/\/www.welterbe-gartenreich.de\/wp-content\/uploads\/2025\/12\/Gastgeberverzeichnis-2026_Cover_Faecher-375x300.png 375w, https:\/\/www.welterbe-gartenreich.de\/wp-content\/uploads\/2025\/12\/Gastgeberverzeichnis-2026_Cover_Faecher-150x120.png 150w\" sizes=\"auto, (max-width: 709px) 100vw, 709px\" \/>\t\t\t\t\t<\/div>\n\t\t\t\t<\/div>\n\n\t\t\t\t<div class=\"wrapper-content-banner wd-fill  wd-items-top wd-justify-left\">\n\t\t\t\t\t<div class=\"content-banner  text-left\">\n\t\t\t\t\t\t\t\t\t\t\t\t\n\t\t\t\t\t\t\n\t\t\t\t\t\t\t\t\t\t\t<\/div>\n\t\t\t\t<\/div>\n\n\t\t\t\t\t\t\t\t\t<a class=\"wd-promo-banner-link wd-fill\" aria-label=\"Banner link\" href=\"https:\/\/www.welterbe-gartenreich.de\/en\/host-directory-2026\/\" title=\"Browse online\" target=\"_blank\"><\/a>\n\t\t\t\t\n\t\t\t\t\t\t\t<\/div>\n\t\t<\/div>\n\n\t\t[vc_empty_space woodmart_hide_large=&#8221;0&#8243; woodmart_hide_medium=&#8221;0&#8243; woodmart_hide_small=&#8221;0&#8243;][\/vc_column][\/vc_row][vc_row][vc_column][vc_text_separator title=&#8221;Information&#8221; color=&#8221;black&#8221; el_class=&#8221;welterbe-abschnitt-ueberschrift&#8221;][vc_custom_heading text=&#8221;We look forward to seeing you!&#8221; font_container=&#8221;tag:p|text_align:center&#8221; use_theme_fonts=&#8221;yes&#8221; css_animation=&#8221;none&#8221; el_class=&#8221;welterbe-abschnitt-beschreibung&#8221;][\/vc_column][\/vc_row][vc_row woodmart_css_id=&#8221;61d2ff8fb2ca3&#8243; mobile_bg_img_hidden=&#8221;no&#8221; tablet_bg_img_hidden=&#8221;no&#8221; woodmart_parallax=&#8221;0&#8243; woodmart_gradient_switch=&#8221;no&#8221; woodmart_box_shadow=&#8221;yes&#8221; wd_z_index=&#8221;no&#8221; woodmart_disable_overflow=&#8221;0&#8243; row_reverse_mobile=&#8221;0&#8243; row_reverse_tablet=&#8221;0&#8243;][vc_column width=&#8221;1\/2&#8243;]\t\t\t<div class=\"info-box-wrapper\">\n\t\t\t\t\t\t\t\t<div id=\"wd-65bccc9941dd4\" class=\" wd-rs-65bccc9941dd4 wd-info-box wd-wpb text-center box-icon-align-top box-style- color-scheme- wd-bg-none \">\n\t\t\t\t\t\t\t\t\t\t<div class=\"info-box-content\">\n\t\t\t\t\t\t<div class=\"info-box-subtitle subtitle-color-default wd-fontsize-xs subtitle-style-default\">Gartenreich Dessau-W\u00f6rlitz<\/div><h4 class=\"info-box-title title box-title-style-default wd-fontsize-m\">Touristinformation<\/h4>\t\t\t\t\t\t<div class=\"info-box-inner reset-last-child\"><p>in the kitchen building at W\u00f6rlitz Palace<br \/>\nKirchgasse 35, D-06785 Oranienbaum-W\u00f6rlitz<br \/>\nPhone +49 (0) 3 49 05.3 10 09<br \/>\n<a href=\"mailto:info@welterbe-gartenreich.de\">info@welterbe-gartenreich.de<\/a><br \/>\n<a href=\"http:\/\/www.welterbe-gartenreich.de\/en\/\" target=\"_blank\" rel=\"noopener\">www.welterbe-gartenreich.de<\/a><\/p>\n<\/div>\n\n\t\t\t\t\t\t\t\t\t\t\t<\/div>\n\n\t\t\t\t\t\n\t\t\t\t\t\t\t\t\t<\/div>\n\t\t\t<\/div>\n\t\t[\/vc_column][vc_column width=&#8221;1\/2&#8243;]\t\t\t<div class=\"info-box-wrapper\">\n\t\t\t\t\t\t\t\t<div id=\"wd-6942be87b8969\" class=\" wd-rs-6942be87b8969 wd-info-box wd-wpb text-center box-icon-align-top box-style- color-scheme- wd-bg-none \">\n\t\t\t\t\t\t\t\t\t\t<div class=\"info-box-content\">\n\t\t\t\t\t\t<h4 class=\"info-box-title title box-title-style-default wd-fontsize-m\">Opening hours 2026<\/h4>\t\t\t\t\t\t<div class=\"info-box-inner reset-last-child\"><p>January to March 20, November, December:<br \/>\nMon to Fri 9:30 am to 4:00 pm<\/p>\n<p>21. March to November 1:<br \/>\nMon to Thu, Sun, public holidays 9:30 am to 4:00 pm<br \/>\nFri and Sat 9:30 am to 5:00 pm<\/p>\n<\/div>\n\n\t\t\t\t\t\t\t\t\t\t\t<\/div>\n\n\t\t\t\t\t\n\t\t\t\t\t\t\t\t\t<\/div>\n\t\t\t<\/div>\n\t\t[\/vc_column][\/vc_row][vc_row woodmart_css_id=&#8221;61c0f77fc8a31&#8243; mobile_bg_img_hidden=&#8221;no&#8221; tablet_bg_img_hidden=&#8221;no&#8221; woodmart_parallax=&#8221;0&#8243; woodmart_gradient_switch=&#8221;no&#8221; woodmart_box_shadow=&#8221;no&#8221; wd_z_index=&#8221;no&#8221; woodmart_disable_overflow=&#8221;0&#8243; row_reverse_mobile=&#8221;0&#8243; row_reverse_tablet=&#8221;0&#8243;][vc_column][vc_text_separator title=&#8221;Follow us&#8221; color=&#8221;black&#8221; el_class=&#8221;welterbe-abschnitt-ueberschrift&#8221;][vc_custom_heading text=&#8221;News and impressions&#8221; font_container=&#8221;tag:p|text_align:center&#8221; use_theme_fonts=&#8221;yes&#8221; css_animation=&#8221;none&#8221; el_class=&#8221;welterbe-abschnitt-beschreibung&#8221;][\/vc_column][\/vc_row][vc_row][vc_column][vc_column_text woodmart_inline=&#8221;no&#8221; text_larger=&#8221;no&#8221;]\n<div id=\"sb_instagram\" role=\"region\" aria-label=\"Instagram feed\"  class=\"sbi sbi_mob_col_1 sbi_tab_col_3 sbi_col_3 sbi_width_resp\" style=\"padding-bottom: 26px;\"\t data-feedid=\"*1\"  data-res=\"auto\" data-cols=\"3\" data-colsmobile=\"1\" data-colstablet=\"3\" data-num=\"3\" data-nummobile=\"1\" data-item-padding=\"13\"\t data-shortcode-atts=\"{&quot;feed&quot;:&quot;1&quot;}\"  data-postid=\"11941\" data-locatornonce=\"762502eb0e\" data-imageaspectratio=\"3:4\" data-sbi-flags=\"favorLocal,gdpr\">\n\t\n\t<div id=\"sbi_images\" role=\"list\"  style=\"gap: 26px;\">\n\t\t<div class=\"sbi_item sbi_type_video sbi_new sbi_transition\" role=\"listitem\"\n\tid=\"sbi_18000359621790559\" data-date=\"1786471126\">\n\t<div class=\"sbi_photo_wrap\">\n\t\t<a class=\"sbi_photo\" href=\"https:\/\/www.instagram.com\/reel\/Db6BDLsizG6\/\" target=\"_blank\" rel=\"noopener nofollow\"\n\t\t\tdata-full-res=\"https:\/\/scontent-dus1-1.cdninstagram.com\/v\/t51.82787-15\/765855610_17990031099042887_1846258577499043309_n.jpg?stp=dst-jpg_e35_tt6&#038;_nc_cat=111&#038;ccb=7-5&#038;_nc_sid=18de74&#038;efg=eyJlZmdfdGFnIjoiQ0xJUFMuYmVzdF9pbWFnZV91cmxnZW4uQzMifQ%3D%3D&#038;_nc_ohc=YC9qeLyybU0Q7kNvwFFyfga&#038;_nc_oc=AdoAOy5RyNvuHg8cunhIXwuI3HHiXYUf3ZH46sPEcfwl54uTzy1Qb1qnJRjG7FMPIJ8&#038;_nc_zt=23&#038;_nc_ht=scontent-dus1-1.cdninstagram.com&#038;edm=AM6HXa8EAAAA&#038;_nc_gid=7NLnhAHbGhGibJ9zDDvRPA&#038;_nc_tpa=Q5bMBQILOj-QLwC0PqMmVDhnrUdn4xlJZ91q73L5JBJuyZJuSzpW9iicFRI_VvYDxVDYPjQeQdwtqFsr&#038;oh=00_AQLf62tWw7g9bi-1NcMKCpYlkWrFFRMtpzaUHQ-blJaTsw&#038;oe=6A9BC4A3\"\n\t\t\tdata-img-src-set=\"{&quot;d&quot;:&quot;https:\\\/\\\/scontent-dus1-1.cdninstagram.com\\\/v\\\/t51.82787-15\\\/765855610_17990031099042887_1846258577499043309_n.jpg?stp=dst-jpg_e35_tt6&amp;_nc_cat=111&amp;ccb=7-5&amp;_nc_sid=18de74&amp;efg=eyJlZmdfdGFnIjoiQ0xJUFMuYmVzdF9pbWFnZV91cmxnZW4uQzMifQ%3D%3D&amp;_nc_ohc=YC9qeLyybU0Q7kNvwFFyfga&amp;_nc_oc=AdoAOy5RyNvuHg8cunhIXwuI3HHiXYUf3ZH46sPEcfwl54uTzy1Qb1qnJRjG7FMPIJ8&amp;_nc_zt=23&amp;_nc_ht=scontent-dus1-1.cdninstagram.com&amp;edm=AM6HXa8EAAAA&amp;_nc_gid=7NLnhAHbGhGibJ9zDDvRPA&amp;_nc_tpa=Q5bMBQILOj-QLwC0PqMmVDhnrUdn4xlJZ91q73L5JBJuyZJuSzpW9iicFRI_VvYDxVDYPjQeQdwtqFsr&amp;oh=00_AQLf62tWw7g9bi-1NcMKCpYlkWrFFRMtpzaUHQ-blJaTsw&amp;oe=6A9BC4A3&quot;,&quot;150&quot;:&quot;https:\\\/\\\/scontent-dus1-1.cdninstagram.com\\\/v\\\/t51.82787-15\\\/765855610_17990031099042887_1846258577499043309_n.jpg?stp=dst-jpg_e35_tt6&amp;_nc_cat=111&amp;ccb=7-5&amp;_nc_sid=18de74&amp;efg=eyJlZmdfdGFnIjoiQ0xJUFMuYmVzdF9pbWFnZV91cmxnZW4uQzMifQ%3D%3D&amp;_nc_ohc=YC9qeLyybU0Q7kNvwFFyfga&amp;_nc_oc=AdoAOy5RyNvuHg8cunhIXwuI3HHiXYUf3ZH46sPEcfwl54uTzy1Qb1qnJRjG7FMPIJ8&amp;_nc_zt=23&amp;_nc_ht=scontent-dus1-1.cdninstagram.com&amp;edm=AM6HXa8EAAAA&amp;_nc_gid=7NLnhAHbGhGibJ9zDDvRPA&amp;_nc_tpa=Q5bMBQILOj-QLwC0PqMmVDhnrUdn4xlJZ91q73L5JBJuyZJuSzpW9iicFRI_VvYDxVDYPjQeQdwtqFsr&amp;oh=00_AQLf62tWw7g9bi-1NcMKCpYlkWrFFRMtpzaUHQ-blJaTsw&amp;oe=6A9BC4A3&quot;,&quot;320&quot;:&quot;https:\\\/\\\/scontent-dus1-1.cdninstagram.com\\\/v\\\/t51.82787-15\\\/765855610_17990031099042887_1846258577499043309_n.jpg?stp=dst-jpg_e35_tt6&amp;_nc_cat=111&amp;ccb=7-5&amp;_nc_sid=18de74&amp;efg=eyJlZmdfdGFnIjoiQ0xJUFMuYmVzdF9pbWFnZV91cmxnZW4uQzMifQ%3D%3D&amp;_nc_ohc=YC9qeLyybU0Q7kNvwFFyfga&amp;_nc_oc=AdoAOy5RyNvuHg8cunhIXwuI3HHiXYUf3ZH46sPEcfwl54uTzy1Qb1qnJRjG7FMPIJ8&amp;_nc_zt=23&amp;_nc_ht=scontent-dus1-1.cdninstagram.com&amp;edm=AM6HXa8EAAAA&amp;_nc_gid=7NLnhAHbGhGibJ9zDDvRPA&amp;_nc_tpa=Q5bMBQILOj-QLwC0PqMmVDhnrUdn4xlJZ91q73L5JBJuyZJuSzpW9iicFRI_VvYDxVDYPjQeQdwtqFsr&amp;oh=00_AQLf62tWw7g9bi-1NcMKCpYlkWrFFRMtpzaUHQ-blJaTsw&amp;oe=6A9BC4A3&quot;,&quot;640&quot;:&quot;https:\\\/\\\/scontent-dus1-1.cdninstagram.com\\\/v\\\/t51.82787-15\\\/765855610_17990031099042887_1846258577499043309_n.jpg?stp=dst-jpg_e35_tt6&amp;_nc_cat=111&amp;ccb=7-5&amp;_nc_sid=18de74&amp;efg=eyJlZmdfdGFnIjoiQ0xJUFMuYmVzdF9pbWFnZV91cmxnZW4uQzMifQ%3D%3D&amp;_nc_ohc=YC9qeLyybU0Q7kNvwFFyfga&amp;_nc_oc=AdoAOy5RyNvuHg8cunhIXwuI3HHiXYUf3ZH46sPEcfwl54uTzy1Qb1qnJRjG7FMPIJ8&amp;_nc_zt=23&amp;_nc_ht=scontent-dus1-1.cdninstagram.com&amp;edm=AM6HXa8EAAAA&amp;_nc_gid=7NLnhAHbGhGibJ9zDDvRPA&amp;_nc_tpa=Q5bMBQILOj-QLwC0PqMmVDhnrUdn4xlJZ91q73L5JBJuyZJuSzpW9iicFRI_VvYDxVDYPjQeQdwtqFsr&amp;oh=00_AQLf62tWw7g9bi-1NcMKCpYlkWrFFRMtpzaUHQ-blJaTsw&amp;oe=6A9BC4A3&quot;}\">\n\t\t\t<span class=\"sbi-screenreader\">Ein herrliches Festwochenende liegt hinter uns! De<\/span>\n\t\t\t\t\t\t<svg style=\"color: rgba(255,255,255,1)\" class=\"svg-inline--fa fa-play fa-w-14 sbi_playbtn\" aria-label=\"Play\" aria-hidden=\"true\" data-fa-processed=\"\" data-prefix=\"fa\" data-icon=\"play\" role=\"presentation\" xmlns=\"http:\/\/www.w3.org\/2000\/svg\" viewBox=\"0 0 448 512\"><path fill=\"currentColor\" d=\"M424.4 214.7L72.4 6.6C43.8-10.3 0 6.1 0 47.9V464c0 37.5 40.7 60.1 72.4 41.3l352-208c31.4-18.5 31.5-64.1 0-82.6z\"><\/path><\/svg>\t\t\t<img decoding=\"async\" src=\"https:\/\/www.welterbe-gartenreich.de\/wp-content\/plugins\/instagram-feed\/img\/placeholder.png\" alt=\"Ein herrliches Festwochenende liegt hinter uns! Denn am Sonntag wurde der Sch\u00f6pfer des Gartenreichs Dessau-W\u00f6rlitz, F\u00fcrst Franz, mit einem ausgelassenen Picknicktag auf der W\u00f6rlitzer Schlosswiese und einer romantischen Abendgondelfahrt gefeiert. \ud83e\udd42\ud83c\udfdb\ufe0f\ud83c\udf3f\n\nFlanieren und genie\u00dfen bei Live-Musik und Sonnenschein im historischen Ambiente - einfach traumhaft! Wir freuen uns schon jetzt auf 2027!\u2600\ufe0f\n\nTitel\u00a9\ufe0fKsDW, Heinz Fr\u00e4\u00dfdorf; Video\u00a9\ufe0fWEZ gGmbH\n\n#w\u00f6rlitzerpark #gartenreichdessauw\u00f6rlitz #picknick #sommerfest\" aria-hidden=\"true\">\n\t\t<\/a>\n\t<\/div>\n<\/div><div class=\"sbi_item sbi_type_video sbi_new sbi_transition\" role=\"listitem\"\n\tid=\"sbi_18120303418873302\" data-date=\"1786035909\">\n\t<div class=\"sbi_photo_wrap\">\n\t\t<a class=\"sbi_photo\" href=\"https:\/\/www.instagram.com\/reel\/DbtMUeKCJaN\/\" target=\"_blank\" rel=\"noopener nofollow\"\n\t\t\tdata-full-res=\"https:\/\/scontent-dus1-1.cdninstagram.com\/v\/t51.82787-15\/766320684_17989212384042887_5970137671889033622_n.jpg?stp=dst-jpg_e35_tt6&#038;_nc_cat=101&#038;ccb=7-5&#038;_nc_sid=18de74&#038;efg=eyJlZmdfdGFnIjoiQ0xJUFMuYmVzdF9pbWFnZV91cmxnZW4uQzMifQ%3D%3D&#038;_nc_ohc=JAWLvPIscGEQ7kNvwET4glR&#038;_nc_oc=AdoFDkXbvZwRlQbAlo_MmbMhkyMF_xpqqHak3OHY2eyxZ_3MoWRxLNnA41bOJybTb4g&#038;_nc_zt=23&#038;_nc_ht=scontent-dus1-1.cdninstagram.com&#038;edm=AM6HXa8EAAAA&#038;_nc_gid=7NLnhAHbGhGibJ9zDDvRPA&#038;_nc_tpa=Q5bMBQIzBSCBtLfu7pfswC785QvCWxliCljd2AxWYdA_MysdsyVi4rxHT_IbtAmFSNF3PUorI4h0OPN4&#038;oh=00_AQJzSU9AMhnGM4Mu77IdM9HJQnh_eM2MHd2DdV16T3MMPA&#038;oe=6A9BBA0A\"\n\t\t\tdata-img-src-set=\"{&quot;d&quot;:&quot;https:\\\/\\\/scontent-dus1-1.cdninstagram.com\\\/v\\\/t51.82787-15\\\/766320684_17989212384042887_5970137671889033622_n.jpg?stp=dst-jpg_e35_tt6&amp;_nc_cat=101&amp;ccb=7-5&amp;_nc_sid=18de74&amp;efg=eyJlZmdfdGFnIjoiQ0xJUFMuYmVzdF9pbWFnZV91cmxnZW4uQzMifQ%3D%3D&amp;_nc_ohc=JAWLvPIscGEQ7kNvwET4glR&amp;_nc_oc=AdoFDkXbvZwRlQbAlo_MmbMhkyMF_xpqqHak3OHY2eyxZ_3MoWRxLNnA41bOJybTb4g&amp;_nc_zt=23&amp;_nc_ht=scontent-dus1-1.cdninstagram.com&amp;edm=AM6HXa8EAAAA&amp;_nc_gid=7NLnhAHbGhGibJ9zDDvRPA&amp;_nc_tpa=Q5bMBQIzBSCBtLfu7pfswC785QvCWxliCljd2AxWYdA_MysdsyVi4rxHT_IbtAmFSNF3PUorI4h0OPN4&amp;oh=00_AQJzSU9AMhnGM4Mu77IdM9HJQnh_eM2MHd2DdV16T3MMPA&amp;oe=6A9BBA0A&quot;,&quot;150&quot;:&quot;https:\\\/\\\/scontent-dus1-1.cdninstagram.com\\\/v\\\/t51.82787-15\\\/766320684_17989212384042887_5970137671889033622_n.jpg?stp=dst-jpg_e35_tt6&amp;_nc_cat=101&amp;ccb=7-5&amp;_nc_sid=18de74&amp;efg=eyJlZmdfdGFnIjoiQ0xJUFMuYmVzdF9pbWFnZV91cmxnZW4uQzMifQ%3D%3D&amp;_nc_ohc=JAWLvPIscGEQ7kNvwET4glR&amp;_nc_oc=AdoFDkXbvZwRlQbAlo_MmbMhkyMF_xpqqHak3OHY2eyxZ_3MoWRxLNnA41bOJybTb4g&amp;_nc_zt=23&amp;_nc_ht=scontent-dus1-1.cdninstagram.com&amp;edm=AM6HXa8EAAAA&amp;_nc_gid=7NLnhAHbGhGibJ9zDDvRPA&amp;_nc_tpa=Q5bMBQIzBSCBtLfu7pfswC785QvCWxliCljd2AxWYdA_MysdsyVi4rxHT_IbtAmFSNF3PUorI4h0OPN4&amp;oh=00_AQJzSU9AMhnGM4Mu77IdM9HJQnh_eM2MHd2DdV16T3MMPA&amp;oe=6A9BBA0A&quot;,&quot;320&quot;:&quot;https:\\\/\\\/scontent-dus1-1.cdninstagram.com\\\/v\\\/t51.82787-15\\\/766320684_17989212384042887_5970137671889033622_n.jpg?stp=dst-jpg_e35_tt6&amp;_nc_cat=101&amp;ccb=7-5&amp;_nc_sid=18de74&amp;efg=eyJlZmdfdGFnIjoiQ0xJUFMuYmVzdF9pbWFnZV91cmxnZW4uQzMifQ%3D%3D&amp;_nc_ohc=JAWLvPIscGEQ7kNvwET4glR&amp;_nc_oc=AdoFDkXbvZwRlQbAlo_MmbMhkyMF_xpqqHak3OHY2eyxZ_3MoWRxLNnA41bOJybTb4g&amp;_nc_zt=23&amp;_nc_ht=scontent-dus1-1.cdninstagram.com&amp;edm=AM6HXa8EAAAA&amp;_nc_gid=7NLnhAHbGhGibJ9zDDvRPA&amp;_nc_tpa=Q5bMBQIzBSCBtLfu7pfswC785QvCWxliCljd2AxWYdA_MysdsyVi4rxHT_IbtAmFSNF3PUorI4h0OPN4&amp;oh=00_AQJzSU9AMhnGM4Mu77IdM9HJQnh_eM2MHd2DdV16T3MMPA&amp;oe=6A9BBA0A&quot;,&quot;640&quot;:&quot;https:\\\/\\\/scontent-dus1-1.cdninstagram.com\\\/v\\\/t51.82787-15\\\/766320684_17989212384042887_5970137671889033622_n.jpg?stp=dst-jpg_e35_tt6&amp;_nc_cat=101&amp;ccb=7-5&amp;_nc_sid=18de74&amp;efg=eyJlZmdfdGFnIjoiQ0xJUFMuYmVzdF9pbWFnZV91cmxnZW4uQzMifQ%3D%3D&amp;_nc_ohc=JAWLvPIscGEQ7kNvwET4glR&amp;_nc_oc=AdoFDkXbvZwRlQbAlo_MmbMhkyMF_xpqqHak3OHY2eyxZ_3MoWRxLNnA41bOJybTb4g&amp;_nc_zt=23&amp;_nc_ht=scontent-dus1-1.cdninstagram.com&amp;edm=AM6HXa8EAAAA&amp;_nc_gid=7NLnhAHbGhGibJ9zDDvRPA&amp;_nc_tpa=Q5bMBQIzBSCBtLfu7pfswC785QvCWxliCljd2AxWYdA_MysdsyVi4rxHT_IbtAmFSNF3PUorI4h0OPN4&amp;oh=00_AQJzSU9AMhnGM4Mu77IdM9HJQnh_eM2MHd2DdV16T3MMPA&amp;oe=6A9BBA0A&quot;}\">\n\t\t\t<span class=\"sbi-screenreader\">Hand auf\u2019s Herz - wer von euch hat es auch schon \u201e<\/span>\n\t\t\t\t\t\t<svg style=\"color: rgba(255,255,255,1)\" class=\"svg-inline--fa fa-play fa-w-14 sbi_playbtn\" aria-label=\"Play\" aria-hidden=\"true\" data-fa-processed=\"\" data-prefix=\"fa\" data-icon=\"play\" role=\"presentation\" xmlns=\"http:\/\/www.w3.org\/2000\/svg\" viewBox=\"0 0 448 512\"><path fill=\"currentColor\" d=\"M424.4 214.7L72.4 6.6C43.8-10.3 0 6.1 0 47.9V464c0 37.5 40.7 60.1 72.4 41.3l352-208c31.4-18.5 31.5-64.1 0-82.6z\"><\/path><\/svg>\t\t\t<img decoding=\"async\" src=\"https:\/\/www.welterbe-gartenreich.de\/wp-content\/plugins\/instagram-feed\/img\/placeholder.png\" alt=\"Hand auf\u2019s Herz - wer von euch hat es auch schon \u201eW\u00f6rlitzer Gartenreich\u201c genannt? In unserer Touristinformation m\u00fcssen wir dieses Missverst\u00e4ndnis immer wieder aufkl\u00e4ren.\ud83e\udd2d\n\nTats\u00e4chlich hei\u00dft das UNESCO-Welterbe \u201eGartenreich Dessau-W\u00f6rlitz\u201c und umfasst die Kulturlandschaft zwischen Dessau und W\u00f6rlitz. In W\u00f6rlitz begann allerdings das Schaffen von F\u00fcrst Franz und entstand ein gartenhistorisches Meisterwerk, \u00fcber das bereits seine Zeitgenossen im 18. Jahrhundert staunten! Der herrliche W\u00f6rlitzer Park ist damit das Herzst\u00fcck des Gartenreichs, wie wir gern sagen. Aber er ist eben doch \u201enur\u201c Teil eines noch viel gr\u00f6\u00dferen Gesamtkunstwerkes\u2026 \ud83c\udf3f\ud83c\udfdb\ufe0f\n\nTitel und Video \u00a9\ufe0fWEZ gGmbH\n\n#humor #w\u00f6rlitzerpark #gartenreichdessauw\u00f6rlitz #wirsindwelterbe\" aria-hidden=\"true\">\n\t\t<\/a>\n\t<\/div>\n<\/div><div class=\"sbi_item sbi_type_video sbi_new sbi_transition\" role=\"listitem\"\n\tid=\"sbi_18096802574346658\" data-date=\"1785426731\">\n\t<div class=\"sbi_photo_wrap\">\n\t\t<a class=\"sbi_photo\" href=\"https:\/\/www.instagram.com\/reel\/DbbDJIIKB0D\/\" target=\"_blank\" rel=\"noopener nofollow\"\n\t\t\tdata-full-res=\"https:\/\/scontent-dus1-1.cdninstagram.com\/v\/t51.82787-15\/760032156_17988107136042887_3772713659888413000_n.jpg?stp=dst-jpg_e35_tt6&#038;_nc_cat=108&#038;ccb=7-5&#038;_nc_sid=18de74&#038;efg=eyJlZmdfdGFnIjoiQ0xJUFMuYmVzdF9pbWFnZV91cmxnZW4uQzMifQ%3D%3D&#038;_nc_ohc=WPC4e5r1SyQQ7kNvwGnmGFa&#038;_nc_oc=Adous00ReZvjScjmYEGm5Uv4bY63Ao1HOxD_TQBIHVDStmI3rF5Ql3oPRuKIgXWItMo&#038;_nc_zt=23&#038;_nc_ht=scontent-dus1-1.cdninstagram.com&#038;edm=AM6HXa8EAAAA&#038;_nc_gid=7NLnhAHbGhGibJ9zDDvRPA&#038;_nc_tpa=Q5bMBQLFyS3wRJWj7ZoG1jIor-Q5VsaJSWPw5mWyCA9m5kMbfSqdC25WDeNJcXhMq4-PW3Fb6UysIVXf&#038;oh=00_AQJv8OLHt_myEgEhpIROxychLUbBtYcZYlg4tnqbZgmzbQ&#038;oe=6A9BBDBD\"\n\t\t\tdata-img-src-set=\"{&quot;d&quot;:&quot;https:\\\/\\\/scontent-dus1-1.cdninstagram.com\\\/v\\\/t51.82787-15\\\/760032156_17988107136042887_3772713659888413000_n.jpg?stp=dst-jpg_e35_tt6&amp;_nc_cat=108&amp;ccb=7-5&amp;_nc_sid=18de74&amp;efg=eyJlZmdfdGFnIjoiQ0xJUFMuYmVzdF9pbWFnZV91cmxnZW4uQzMifQ%3D%3D&amp;_nc_ohc=WPC4e5r1SyQQ7kNvwGnmGFa&amp;_nc_oc=Adous00ReZvjScjmYEGm5Uv4bY63Ao1HOxD_TQBIHVDStmI3rF5Ql3oPRuKIgXWItMo&amp;_nc_zt=23&amp;_nc_ht=scontent-dus1-1.cdninstagram.com&amp;edm=AM6HXa8EAAAA&amp;_nc_gid=7NLnhAHbGhGibJ9zDDvRPA&amp;_nc_tpa=Q5bMBQLFyS3wRJWj7ZoG1jIor-Q5VsaJSWPw5mWyCA9m5kMbfSqdC25WDeNJcXhMq4-PW3Fb6UysIVXf&amp;oh=00_AQJv8OLHt_myEgEhpIROxychLUbBtYcZYlg4tnqbZgmzbQ&amp;oe=6A9BBDBD&quot;,&quot;150&quot;:&quot;https:\\\/\\\/scontent-dus1-1.cdninstagram.com\\\/v\\\/t51.82787-15\\\/760032156_17988107136042887_3772713659888413000_n.jpg?stp=dst-jpg_e35_tt6&amp;_nc_cat=108&amp;ccb=7-5&amp;_nc_sid=18de74&amp;efg=eyJlZmdfdGFnIjoiQ0xJUFMuYmVzdF9pbWFnZV91cmxnZW4uQzMifQ%3D%3D&amp;_nc_ohc=WPC4e5r1SyQQ7kNvwGnmGFa&amp;_nc_oc=Adous00ReZvjScjmYEGm5Uv4bY63Ao1HOxD_TQBIHVDStmI3rF5Ql3oPRuKIgXWItMo&amp;_nc_zt=23&amp;_nc_ht=scontent-dus1-1.cdninstagram.com&amp;edm=AM6HXa8EAAAA&amp;_nc_gid=7NLnhAHbGhGibJ9zDDvRPA&amp;_nc_tpa=Q5bMBQLFyS3wRJWj7ZoG1jIor-Q5VsaJSWPw5mWyCA9m5kMbfSqdC25WDeNJcXhMq4-PW3Fb6UysIVXf&amp;oh=00_AQJv8OLHt_myEgEhpIROxychLUbBtYcZYlg4tnqbZgmzbQ&amp;oe=6A9BBDBD&quot;,&quot;320&quot;:&quot;https:\\\/\\\/scontent-dus1-1.cdninstagram.com\\\/v\\\/t51.82787-15\\\/760032156_17988107136042887_3772713659888413000_n.jpg?stp=dst-jpg_e35_tt6&amp;_nc_cat=108&amp;ccb=7-5&amp;_nc_sid=18de74&amp;efg=eyJlZmdfdGFnIjoiQ0xJUFMuYmVzdF9pbWFnZV91cmxnZW4uQzMifQ%3D%3D&amp;_nc_ohc=WPC4e5r1SyQQ7kNvwGnmGFa&amp;_nc_oc=Adous00ReZvjScjmYEGm5Uv4bY63Ao1HOxD_TQBIHVDStmI3rF5Ql3oPRuKIgXWItMo&amp;_nc_zt=23&amp;_nc_ht=scontent-dus1-1.cdninstagram.com&amp;edm=AM6HXa8EAAAA&amp;_nc_gid=7NLnhAHbGhGibJ9zDDvRPA&amp;_nc_tpa=Q5bMBQLFyS3wRJWj7ZoG1jIor-Q5VsaJSWPw5mWyCA9m5kMbfSqdC25WDeNJcXhMq4-PW3Fb6UysIVXf&amp;oh=00_AQJv8OLHt_myEgEhpIROxychLUbBtYcZYlg4tnqbZgmzbQ&amp;oe=6A9BBDBD&quot;,&quot;640&quot;:&quot;https:\\\/\\\/scontent-dus1-1.cdninstagram.com\\\/v\\\/t51.82787-15\\\/760032156_17988107136042887_3772713659888413000_n.jpg?stp=dst-jpg_e35_tt6&amp;_nc_cat=108&amp;ccb=7-5&amp;_nc_sid=18de74&amp;efg=eyJlZmdfdGFnIjoiQ0xJUFMuYmVzdF9pbWFnZV91cmxnZW4uQzMifQ%3D%3D&amp;_nc_ohc=WPC4e5r1SyQQ7kNvwGnmGFa&amp;_nc_oc=Adous00ReZvjScjmYEGm5Uv4bY63Ao1HOxD_TQBIHVDStmI3rF5Ql3oPRuKIgXWItMo&amp;_nc_zt=23&amp;_nc_ht=scontent-dus1-1.cdninstagram.com&amp;edm=AM6HXa8EAAAA&amp;_nc_gid=7NLnhAHbGhGibJ9zDDvRPA&amp;_nc_tpa=Q5bMBQLFyS3wRJWj7ZoG1jIor-Q5VsaJSWPw5mWyCA9m5kMbfSqdC25WDeNJcXhMq4-PW3Fb6UysIVXf&amp;oh=00_AQJv8OLHt_myEgEhpIROxychLUbBtYcZYlg4tnqbZgmzbQ&amp;oe=6A9BBDBD&quot;}\">\n\t\t\t<span class=\"sbi-screenreader\">Ja und nein\u2026\ud83d\ude09Nat\u00fcrlich solltet ihr unbedingt durch<\/span>\n\t\t\t\t\t\t<svg style=\"color: rgba(255,255,255,1)\" class=\"svg-inline--fa fa-play fa-w-14 sbi_playbtn\" aria-label=\"Play\" aria-hidden=\"true\" data-fa-processed=\"\" data-prefix=\"fa\" data-icon=\"play\" role=\"presentation\" xmlns=\"http:\/\/www.w3.org\/2000\/svg\" viewBox=\"0 0 448 512\"><path fill=\"currentColor\" d=\"M424.4 214.7L72.4 6.6C43.8-10.3 0 6.1 0 47.9V464c0 37.5 40.7 60.1 72.4 41.3l352-208c31.4-18.5 31.5-64.1 0-82.6z\"><\/path><\/svg>\t\t\t<img decoding=\"async\" src=\"https:\/\/www.welterbe-gartenreich.de\/wp-content\/plugins\/instagram-feed\/img\/placeholder.png\" alt=\"Ja und nein\u2026\ud83d\ude09Nat\u00fcrlich solltet ihr unbedingt durch den gesamten W\u00f6rlitzer Park spazieren, um seine Sch\u00f6nheit zu erleben. Dann kommen sogar noch weit mehr als 3,5 Kilometer zusammen! Aber der Weg um den See kann an einigen Stellen durch die F\u00e4hren abgek\u00fcrzt werden. Oder ihr lasst euch gleich ganz gem\u00fctlich auf einer Gondel durch den Park gleiten.\n\n\u203c\ufe0fBei \u00fcber 35 Grad Celsius im Schatten fahren die Gondeln um F\u00e4hren nicht mehr. Bei Niedrigwasser kommt es au\u00dferdem zu Einschr\u00e4nkungen. Informiert euch also am besten tagesaktuell bei uns in der Touristinformation.\n\nTitel und Video\u00a9\ufe0fWEZ gGmbH\n\n#wirsindwelterbe #w\u00f6rlitzerpark #gartenreichdessauw\u00f6rlitz #gondelfahrt\" aria-hidden=\"true\">\n\t\t<\/a>\n\t<\/div>\n<\/div>\t<\/div>\n\n\t<div id=\"sbi_load\" >\n\n\t<div class=\"sbi-screenreader\" aria-live=\"polite\" aria-atomic=\"true\" data-sbi-feed-status><\/div>\n\n\t\n\t\t\t<span class=\"sbi_follow_btn sbi_custom\" >\n\t\t\t<a target=\"_blank\"\n\t\t\t\trel=\"nofollow noopener\"  href=\"https:\/\/www.instagram.com\/touristinfo_woerlitzer_park\/\" style=\"background: rgb(204,210,188);\">\n\t\t\t\t<svg class=\"svg-inline--fa fa-instagram fa-w-14\" aria-hidden=\"true\" data-fa-processed=\"\" aria-label=\"Instagram\" data-prefix=\"fab\" data-icon=\"instagram\" role=\"img\" viewBox=\"0 0 448 512\">\n                    <path fill=\"currentColor\" d=\"M224.1 141c-63.6 0-114.9 51.3-114.9 114.9s51.3 114.9 114.9 114.9S339 319.5 339 255.9 287.7 141 224.1 141zm0 189.6c-41.1 0-74.7-33.5-74.7-74.7s33.5-74.7 74.7-74.7 74.7 33.5 74.7 74.7-33.6 74.7-74.7 74.7zm146.4-194.3c0 14.9-12 26.8-26.8 26.8-14.9 0-26.8-12-26.8-26.8s12-26.8 26.8-26.8 26.8 12 26.8 26.8zm76.1 27.2c-1.7-35.9-9.9-67.7-36.2-93.9-26.2-26.2-58-34.4-93.9-36.2-37-2.1-147.9-2.1-184.9 0-35.8 1.7-67.6 9.9-93.9 36.1s-34.4 58-36.2 93.9c-2.1 37-2.1 147.9 0 184.9 1.7 35.9 9.9 67.7 36.2 93.9s58 34.4 93.9 36.2c37 2.1 147.9 2.1 184.9 0 35.9-1.7 67.7-9.9 93.9-36.2 26.2-26.2 34.4-58 36.2-93.9 2.1-37 2.1-147.8 0-184.8zM398.8 388c-7.8 19.6-22.9 34.7-42.6 42.6-29.5 11.7-99.5 9-132.1 9s-102.7 2.6-132.1-9c-19.6-7.8-34.7-22.9-42.6-42.6-11.7-29.5-9-99.5-9-132.1s-2.6-102.7 9-132.1c7.8-19.6 22.9-34.7 42.6-42.6 29.5-11.7 99.5-9 132.1-9s102.7-2.6 132.1 9c19.6 7.8 34.7 22.9 42.6 42.6 11.7 29.5 9 99.5 9 132.1s2.7 102.7-9 132.1z\"><\/path>\n                <\/svg>\t\t\t\t<span>Folgen Sie uns bei Instagram<\/span>\n\t\t\t<\/a>\n\t\t<\/span>\n\t\n<\/div>\n\t\t<span class=\"sbi_resized_image_data\" data-feed-id=\"*1\"\n\t\t  data-resized=\"{&quot;18096802574346658&quot;:{&quot;id&quot;:&quot;760032156_17988107136042887_3772713659888413000_n&quot;,&quot;ratio&quot;:&quot;0.56&quot;,&quot;sizes&quot;:{&quot;full&quot;:640,&quot;low&quot;:320,&quot;thumb&quot;:150},&quot;extension&quot;:&quot;.webp&quot;},&quot;18120303418873302&quot;:{&quot;id&quot;:&quot;766320684_17989212384042887_5970137671889033622_n&quot;,&quot;ratio&quot;:&quot;0.56&quot;,&quot;sizes&quot;:{&quot;full&quot;:640,&quot;low&quot;:320,&quot;thumb&quot;:150},&quot;extension&quot;:&quot;.webp&quot;},&quot;18000359621790559&quot;:{&quot;id&quot;:&quot;765855610_17990031099042887_1846258577499043309_n&quot;,&quot;ratio&quot;:&quot;0.56&quot;,&quot;sizes&quot;:{&quot;full&quot;:640,&quot;low&quot;:320,&quot;thumb&quot;:150},&quot;extension&quot;:&quot;.webp&quot;}}\">\n\t<\/span>\n\t<\/div>\n\n\t<style type=\"text\/css\">\n\t\t\t\t\t\t#sb_instagram .sbi_follow_btn a:hover,\n\t\t#sb_instagram .sbi_follow_btn a:focus {\n\t\t\toutline: none;\n\t\t\tbox-shadow: inset 0 0 10px 20px#55745e;\n\t\t}\n\n\t\t\t<\/style>\n\t[\/vc_column_text][\/vc_column][\/vc_row]<\/p>\n<\/div>","protected":false},"excerpt":{"rendered":"<p>[vc_row disable_element=&#8221;yes&#8221; full_width=&#8221;stretch_row&#8221; css=&#8221;.vc_custom_1639052232785{background-color: #752d2a !important;}&#8221; mobile_bg_img_hidden=&#8221;no&#8221; tablet_bg_img_hidden=&#8221;no&#8221; woodmart_parallax=&#8221;0&#8243; woodmart_gradient_switch=&#8221;no&#8221; row_reverse_mobile=&#8221;0&#8243; row_reverse_tablet=&#8221;0&#8243; woodmart_disable_overflow=&#8221;0&#8243; el_id=&#8221;home-note&#8221; woodmart_css_id=&#8221;61b1f3b61202c&#8221; woodmart_box_shadow=&#8221;no&#8221; wd_z_index=&#8221;no&#8221;][vc_column mobile_bg_img_hidden=&#8221;no&#8221; tablet_bg_img_hidden=&#8221;no&#8221; woodmart_parallax=&#8221;0&#8243;<\/p>\n","protected":false},"author":1,"featured_media":10657,"parent":0,"menu_order":0,"comment_status":"closed","ping_status":"closed","template":"","meta":{"_acf_changed":false,"_seopress_titles_title":"Garden Realm of Dessau-W\u00f6rlitz | Tourist Information","_seopress_titles_desc":"Official tourism partner for your visit to the Garden Realm of Dessau-W\u00f6rlitz.","_seopress_robots_index":"","_seopress_robots_follow":"","_seopress_robots_imageindex":"","_seopress_robots_snippet":"","_seopress_robots_primary_cat":"","_seopress_robots_breadcrumbs":"","_seopress_robots_freeze_modified_date":"","_seopress_robots_custom_modified_date":"","_seopress_robots_canonical":"","_seopress_social_fb_title":"","_seopress_social_fb_desc":"","_seopress_social_fb_img":"","_seopress_social_fb_img_attachment_id":0,"_seopress_social_fb_img_width":0,"_seopress_social_fb_img_height":0,"_seopress_social_twitter_title":"","_seopress_social_twitter_desc":"","_seopress_social_twitter_img":"","_seopress_social_twitter_img_attachment_id":0,"_seopress_social_twitter_img_width":0,"_seopress_social_twitter_img_height":0,"_seopress_redirections_value":"","_seopress_redirections_enabled":"","_seopress_redirections_enabled_regex":"","_seopress_redirections_logged_status":"both","_seopress_redirections_param":"","_seopress_redirections_type":301,"_seopress_analysis_target_kw":"Gartenreich","footnotes":""},"class_list":["post-11941","page","type-page","status-publish","has-post-thumbnail","hentry"],"acf":[],"_links":{"self":[{"href":"https:\/\/www.welterbe-gartenreich.de\/en\/wp-json\/wp\/v2\/pages\/11941","targetHints":{"allow":["GET"]}}],"collection":[{"href":"https:\/\/www.welterbe-gartenreich.de\/en\/wp-json\/wp\/v2\/pages"}],"about":[{"href":"https:\/\/www.welterbe-gartenreich.de\/en\/wp-json\/wp\/v2\/types\/page"}],"author":[{"embeddable":true,"href":"https:\/\/www.welterbe-gartenreich.de\/en\/wp-json\/wp\/v2\/users\/1"}],"replies":[{"embeddable":true,"href":"https:\/\/www.welterbe-gartenreich.de\/en\/wp-json\/wp\/v2\/comments?post=11941"}],"version-history":[{"count":14,"href":"https:\/\/www.welterbe-gartenreich.de\/en\/wp-json\/wp\/v2\/pages\/11941\/revisions"}],"predecessor-version":[{"id":23583,"href":"https:\/\/www.welterbe-gartenreich.de\/en\/wp-json\/wp\/v2\/pages\/11941\/revisions\/23583"}],"wp:featuredmedia":[{"embeddable":true,"href":"https:\/\/www.welterbe-gartenreich.de\/en\/wp-json\/wp\/v2\/media\/10657"}],"wp:attachment":[{"href":"https:\/\/www.welterbe-gartenreich.de\/en\/wp-json\/wp\/v2\/media?parent=11941"}],"curies":[{"name":"wp","href":"https:\/\/api.w.org\/{rel}","templated":true}]}}