{"id":11482,"date":"2022-01-04T14:57:08","date_gmt":"2022-01-04T13:57:08","guid":{"rendered":"https:\/\/www.welterbe-gartenreich.de\/garden-realm-dessau-woerlitz\/park-grosskuehnau\/"},"modified":"2025-12-22T14:56:44","modified_gmt":"2025-12-22T13:56:44","slug":"park-grosskuehnau","status":"publish","type":"page","link":"https:\/\/www.welterbe-gartenreich.de\/en\/unesco-world-heritage-site\/park-grosskuehnau\/","title":{"rendered":"Gro\u00dfk\u00fchnau"},"content":{"rendered":"<div class=\"wpb-content-wrapper\"><p>[vc_row gap=&#8221;25&#8243; content_placement=&#8221;top&#8221; mobile_bg_img_hidden=&#8221;no&#8221; tablet_bg_img_hidden=&#8221;no&#8221; woodmart_parallax=&#8221;0&#8243; woodmart_gradient_switch=&#8221;no&#8221; row_reverse_mobile=&#8221;0&#8243; row_reverse_tablet=&#8221;0&#8243; woodmart_disable_overflow=&#8221;0&#8243;][vc_column offset=&#8221;vc_col-lg-offset-0&#8243; mobile_bg_img_hidden=&#8221;no&#8221; tablet_bg_img_hidden=&#8221;no&#8221; woodmart_parallax=&#8221;0&#8243; woodmart_sticky_column=&#8221;false&#8221; parallax_scroll=&#8221;no&#8221; mobile_reset_margin=&#8221;no&#8221; tablet_reset_margin=&#8221;no&#8221; el_class=&#8221;bild-oben-text-box&#8221;][vc_gallery interval=&#8221;5&#8243; images=&#8221;15321,21955,18437,18465,18441,18450&#8243; img_size=&#8221;box-top-image&#8221; onclick=&#8221;&#8221; css=&#8221;.vc_custom_1766406595683{margin-bottom: 0px !important;padding-bottom: 0px !important;}&#8221; el_class=&#8221;slider-oben&#8221;][vc_row_inner][vc_column_inner el_class=&#8221;box-text-block&#8221;][vc_custom_heading text=&#8221;Gro\u00dfk\u00fchnau&#8221; font_container=&#8221;tag:h2|text_align:center|color:rgba(0%2C0%2C0%2C0.55)&#8221; use_theme_fonts=&#8221;yes&#8221; css=&#8221;&#8221; el_class=&#8221;box-erste-ueberschrift&#8221;][vc_custom_heading text=&#8221;Palace and Park&#8221; font_container=&#8221;tag:h3|text_align:center|color:rgba(0%2C0%2C0%2C0.55)&#8221; use_theme_fonts=&#8221;yes&#8221; css=&#8221;&#8221; el_class=&#8221;box-zweite-ueberschrift&#8221;][vc_column_text css=&#8221;&#8221; woodmart_color_scheme=&#8221;dark&#8221; woodmart_inline=&#8221;no&#8221; text_larger=&#8221;no&#8221; el_class=&#8221;box-text&#8221;]Old oaks with mighty, gnarled branches form a venerable picture on the edge of the almost pristine K\u00fchnau lake. Side by side with vines and fruit trees, whose delicate blossoms paint a sea of white and pink dots in spring and whose fruits glow golden in the sun in late summer, they characterize the image of K\u00fchnauer Park. Interspersed with a number of architectural gems, art and nature are excellently combined here to create a true work of garden art.[\/vc_column_text][\/vc_column_inner][\/vc_row_inner][\/vc_column][\/vc_row][vc_row woodmart_css_id=&#8221;61d2ff8fb2ca3&#8243; mobile_bg_img_hidden=&#8221;no&#8221; tablet_bg_img_hidden=&#8221;no&#8221; woodmart_parallax=&#8221;0&#8243; woodmart_gradient_switch=&#8221;no&#8221; woodmart_box_shadow=&#8221;yes&#8221; wd_z_index=&#8221;no&#8221; woodmart_disable_overflow=&#8221;0&#8243; row_reverse_mobile=&#8221;0&#8243; row_reverse_tablet=&#8221;0&#8243;][vc_column width=&#8221;1\/3&#8243;][vc_single_image image=&#8221;21953&#8243; img_size=&#8221;&#8221; alignment=&#8221;center&#8221; parallax_scroll=&#8221;no&#8221; woodmart_inline=&#8221;no&#8221;][\/vc_column][vc_column width=&#8221;2\/3&#8243;]\t\t\t<div class=\"info-box-wrapper\">\n\t\t\t\t<div id=\"wd-66ead4d7cf3bc\" class=\" wd-rs-66ead4d7cf3bc wd-info-box wd-wpb text-center box-icon-align-top box-style- color-scheme- wd-bg-none \">\n\t\t\t\t\t\t\t\t\t\t<div class=\"info-box-content\">\n\t\t\t\t\t\t<div class=\"info-box-subtitle subtitle-color-default wd-fontsize-xs subtitle-style-default\">History<\/div><h4 class=\"info-box-title title box-title-style-default wd-fontsize-m\">Homage to \u00bbFather Franz\u00ab<\/h4>\t\t\t\t\t\t<div class=\"info-box-inner reset-last-child\"><p>It was Prince Franz&#8217;s son, Hereditary Prince Friedrich von Anhalt-Dessau, who laid the foundation stone for the extensive park in 1805. However, it was his son, Duke Leopold IV. Frederick of Anhalt-Dessau. The K\u00fchnau Landscape Park therefore marks the end of the Dessau-W\u00f6rlitz Garden Realm UNESCO World Heritage Site &#8211; and can certainly be seen as an early homage by Prince Franz&#8217;s descendants to him and his visionary project to beautify the region.  <\/p>\n<p>Prince Albert of Anhalt-Dessau, the younger brother of Prince Franz, had a palace built on Lake K\u00fchnau much earlier, in 1780. Designed with great restraint, even then only the banqueting hall was decorated &#8211; delicate floral paintings still adorn the walls and ceiling today.<\/p>\n<\/div>\n\n\t\t\t\t\t\t\t\t\t\t\t<\/div>\n\n\t\t\t\t\t\n\t\t\t\t\t\t\t\t\t<\/div>\n\t\t\t<\/div>\n\t\t[\/vc_column][\/vc_row][vc_row el_id=&#8221;gondola rides&#8221; woodmart_css_id=&#8221;61c0f77fc8a31&#8243; mobile_bg_img_hidden=&#8221;no&#8221; tablet_bg_img_hidden=&#8221;no&#8221; woodmart_parallax=&#8221;0&#8243; woodmart_gradient_switch=&#8221;no&#8221; woodmart_box_shadow=&#8221;no&#8221; wd_z_index=&#8221;no&#8221; woodmart_disable_overflow=&#8221;0&#8243; row_reverse_mobile=&#8221;0&#8243; row_reverse_tablet=&#8221;0&#8243;][vc_column][vc_text_separator title=&#8221;Come on in!&#8221; color=&#8221;black&#8221; css=&#8221;&#8221; el_class=&#8221;welterbe-abschnitt-ueberschrift&#8221;][vc_custom_heading text=&#8221;What to expect&#8221; font_container=&#8221;tag:p|text_align:center&#8221; use_theme_fonts=&#8221;yes&#8221; css_animation=&#8221;appear&#8221; css=&#8221;&#8221; el_class=&#8221;welterbe-abschnitt-beschreibung&#8221;][\/vc_column][\/vc_row][vc_row woodmart_css_id=&#8221;61c0887e718b1&#8243; mobile_bg_img_hidden=&#8221;no&#8221; tablet_bg_img_hidden=&#8221;no&#8221; woodmart_parallax=&#8221;0&#8243; woodmart_gradient_switch=&#8221;no&#8221; woodmart_box_shadow=&#8221;no&#8221; wd_z_index=&#8221;no&#8221; woodmart_disable_overflow=&#8221;0&#8243; row_reverse_mobile=&#8221;0&#8243; row_reverse_tablet=&#8221;0&#8243; el_id=&#8221;Public guided tours of the park&#8221;][vc_column width=&#8221;1\/2&#8243; el_class=&#8221;welterbe-akkordion-container hell&#8221; woodmart_css_id=&#8221;65c0af331c0d3&#8243; parallax_scroll=&#8221;no&#8221; woodmart_sticky_column=&#8221;false&#8221; wd_collapsible_content_switcher=&#8221;no&#8221; wd_column_role_offcanvas_desktop=&#8221;no&#8221; wd_column_role_offcanvas_tablet=&#8221;no&#8221; wd_column_role_offcanvas_mobile=&#8221;no&#8221; wd_column_role_content_desktop=&#8221;no&#8221; wd_column_role_content_tablet=&#8221;no&#8221; wd_column_role_content_mobile=&#8221;no&#8221; mobile_bg_img_hidden=&#8221;no&#8221; tablet_bg_img_hidden=&#8221;no&#8221; woodmart_parallax=&#8221;0&#8243; woodmart_box_shadow=&#8221;no&#8221; responsive_spacing=&#8221;eyJwYXJhbV90eXBlIjoid29vZG1hcnRfcmVzcG9uc2l2ZV9zcGFjaW5nIiwic2VsZWN0b3JfaWQiOiI2NWMwYWYzMzFjMGQzIiwic2hvcnRjb2RlIjoidmNfY29sdW1uIiwiZGF0YSI6eyJ0YWJsZXQiOnt9LCJtb2JpbGUiOnt9fX0=&#8221; mobile_reset_margin=&#8221;no&#8221; tablet_reset_margin=&#8221;no&#8221; wd_z_index=&#8221;no&#8221;]\t\t\t<div class=\"info-box-wrapper\">\n\t\t\t\t<div id=\"wd-66eacafc8f43c\" class=\" wd-rs-66eacafc8f43c wd-info-box wd-wpb text-center box-icon-align-top box-style- color-scheme- wd-bg-none \">\n\t\t\t\t\t\t\t\t\t\t<div class=\"info-box-content\">\n\t\t\t\t\t\t<div class=\"info-box-subtitle subtitle-color-default wd-fontsize-xs subtitle-style-default\">Insights<\/div><h4 class=\"info-box-title title box-title-style-default wd-fontsize-m\">Gro\u00dfk\u00fchnau Palace<\/h4>\t\t\t\t\t\t<div class=\"info-box-inner reset-last-child\"><p>In 1998, the<a href=\"https:\/\/www.gartenreich.de\/de\/ziele-und-aufgaben\"> Dessau-W\u00f6rlitz Cultural Foundation<\/a> moved into Gro\u00dfk\u00fchnau Palace as its administrative headquarters. From here, the fortunes of the UNESCO World Heritage Garden Realm of Dessau-W\u00f6rlitz are managed day by day. It is therefore not open to the public. However, on special occasions, the foundation regularly invites guests to the premises, which have been renovated in accordance with conservation guidelines.<\/p>\n<\/div>\n\n\t\t\t\t\t\t\t\t\t\t\t<\/div>\n\n\t\t\t\t\t\n\t\t\t\t\t\t\t\t\t<\/div>\n\t\t\t<\/div>\n\t\t[vc_single_image image=&#8221;18437&#8243; img_size=&#8221;box-double-image&#8221; alignment=&#8221;center&#8221; css_animation=&#8221;none&#8221; css=&#8221;&#8221; woodmart_inline=&#8221;no&#8221; parallax_scroll=&#8221;no&#8221; el_class=&#8221;bild-oben&#8221;][vc_tta_accordion style=&#8221;flat&#8221; shape=&#8221;square&#8221; color=&#8221;peacoc&#8221; c_icon=&#8221;triangle&#8221; c_position=&#8221;right&#8221; active_section=&#8221;100&#8243; no_fill=&#8221;true&#8221; collapsible_all=&#8221;true&#8221; el_class=&#8221;welterbe-akkordion hell&#8221;][vc_tta_section title=&#8221;Opening hours&#8221; tab_id=&#8221;1709717856346-1fabd888-5114&#8243;][vc_column_text css=&#8221;&#8221; woodmart_inline=&#8221;no&#8221; text_larger=&#8221;no&#8221;]Schloss Gro\u00dfk\u00fchnau is only open to the public on special occasions. Information on dates can be found <a href=\"https:\/\/www.welterbe-gartenreich.de\/en\/events\/\">here<\/a>.[\/vc_column_text][\/vc_tta_section][vc_tta_section title=&#8221;Library and Archive&#8221; tab_id=&#8221;1726654365981-958ca9dd-caa6&#8243;][vc_column_text css=&#8221;&#8221; woodmart_inline=&#8221;no&#8221; text_larger=&#8221;no&#8221;]The extensive holdings of the library and archive in the coach house of Gro\u00dfk\u00fchnau Palace can be viewed and used for research by prior appointment.<\/p>\n<p><strong>Kulturstiftung Dessau-W\u00f6rlitz<\/strong><br \/>\nSchloss Gro\u00dfk\u00fchnau<br \/>\nEbenhanstra\u00dfe 8<br \/>\nD-06846 Dessau-Ro\u00dflau<br \/>\nTelefon +49 (0)340.646150<br \/>\n<span id=\"cloakddf820fa050d18a11a89b86ba8b2d6d7\"><a href=\"mailto:service@gartenreich.de\" target=\"_blank\" rel=\"noopener noreferrer\">service@gartenreich.de<\/a><\/span>[\/vc_column_text][\/vc_tta_section][vc_tta_section title=&#8221;Contact&#8221; tab_id=&#8221;1726655330255-66362ba9-c959&#8243;][vc_column_text css=&#8221;&#8221; woodmart_inline=&#8221;no&#8221; text_larger=&#8221;no&#8221;]Gro\u00dfk\u00fchnau Castle is managed and maintained by the Dessau-W\u00f6rlitz Cultural Foundation:<\/p>\n<p><strong>Kulturstiftung Dessau-W\u00f6rlitz<\/strong><br \/>\nSchloss Gro\u00dfk\u00fchnau<br \/>\nEbenhanstra\u00dfe 8<br \/>\nD-06846 Dessau-Ro\u00dflau<br \/>\nTelefon +49 (0)340.646150<br \/>\n<span id=\"cloakddf820fa050d18a11a89b86ba8b2d6d7\"><a href=\"mailto:service@gartenreich.de\" target=\"_blank\" rel=\"noopener noreferrer\">service@gartenreich.de<\/a><\/span>[\/vc_column_text][\/vc_tta_section][\/vc_tta_accordion][\/vc_column][vc_column width=&#8221;1\/2&#8243; el_class=&#8221;welterbe-akkordion-container hell&#8221; woodmart_css_id=&#8221;61adc2bcb9a4c&#8221; parallax_scroll=&#8221;no&#8221; woodmart_sticky_column=&#8221;false&#8221; wd_collapsible_content_switcher=&#8221;no&#8221; mobile_bg_img_hidden=&#8221;no&#8221; tablet_bg_img_hidden=&#8221;no&#8221; woodmart_parallax=&#8221;0&#8243; woodmart_box_shadow=&#8221;no&#8221; mobile_reset_margin=&#8221;no&#8221; tablet_reset_margin=&#8221;no&#8221; wd_z_index=&#8221;no&#8221;]\t\t\t<div class=\"info-box-wrapper\">\n\t\t\t\t<div id=\"wd-66eacd82e98e8\" class=\" wd-rs-66eacd82e98e8 wd-info-box wd-wpb text-center box-icon-align-top box-style- color-scheme- wd-bg-none \">\n\t\t\t\t\t\t\t\t\t\t<div class=\"info-box-content\">\n\t\t\t\t\t\t<div class=\"info-box-subtitle subtitle-color-default wd-fontsize-xs subtitle-style-default\">Vineyard and lakeside romance in the Elbe floodplain<\/div><h4 class=\"info-box-title title box-title-style-default wd-fontsize-m\">Park walk<\/h4>\t\t\t\t\t\t<div class=\"info-box-inner reset-last-child\"><p>The K\u00fchnauer Park captivates with its wide meadows, old trees and winding paths between gentle hills, orchards and a small vineyard. With views of historic buildings at the end of long sightlines, the most beautiful landscape paintings are created at any time of year &#8211; in nature!<\/p>\n<\/div>\n\n\t\t\t\t\t\t\t\t\t\t\t<\/div>\n\n\t\t\t\t\t\n\t\t\t\t\t\t\t\t\t<\/div>\n\t\t\t<\/div>\n\t\t[vc_single_image image=&#8221;18465&#8243; img_size=&#8221;box-double-image&#8221; alignment=&#8221;center&#8221; css_animation=&#8221;none&#8221; css=&#8221;&#8221; woodmart_inline=&#8221;no&#8221; parallax_scroll=&#8221;no&#8221; el_class=&#8221;bild-oben&#8221;][vc_tta_accordion style=&#8221;flat&#8221; shape=&#8221;square&#8221; color=&#8221;peacoc&#8221; c_icon=&#8221;triangle&#8221; c_position=&#8221;right&#8221; active_section=&#8221;100&#8243; no_fill=&#8221;true&#8221; collapsible_all=&#8221;true&#8221; el_class=&#8221;welterbe-akkordion hell&#8221;][vc_tta_section title=&#8221;Opening hours&#8221; tab_id=&#8221;1726644235852-06c3dfa8-31ba&#8221;][vc_column_text css=&#8221;&#8221; woodmart_inline=&#8221;no&#8221; text_larger=&#8221;no&#8221;]The park is open all year round and is freely accessible.<\/p>\n<p>In the event of weather events, closures may take place at short notice. There is a limited winter service.[\/vc_column_text][\/vc_tta_section][vc_tta_section title=&#8221;Vineyard Mansion&#8221; tab_id=&#8221;1726655292463-b48f039f-fa6e&#8221;][vc_column_text css=&#8221;&#8221; woodmart_inline=&#8221;no&#8221; text_larger=&#8221;no&#8221;]The vineyard in K\u00fchnauer Park has a touch of Italy about it. A pretty vineyard castle &#8211; built by the master builder Carlo Ignazio Pozzi between 1828 and 1830 in the neoclassical style &#8211; is enthroned here as an important point de vue. <\/p>\n<p>Information on events at the vineyard can be found <a href=\"https:\/\/www.welterbe-gartenreich.de\/en\/events\/\">here<\/a>.[\/vc_column_text][\/vc_tta_section][vc_tta_section title=&#8221;Contact&#8221; tab_id=&#8221;1726644235853-80d122e2-bac5&#8243;][vc_column_text css=&#8221;&#8221; woodmart_inline=&#8221;no&#8221; text_larger=&#8221;no&#8221;]K\u00fchnauer Park is managed and maintained by the city of Dessau-Ro\u00dflau:<\/p>\n<p><strong>Tourist-Information Dessau-Ro\u00dflau<\/strong><br \/>\nRatsgasse 11<br \/>\n06844 Dessau-Ro\u00dflau<br \/>\nTel.: +49 (0)340 \/ 882920-00<br \/>\n<a href=\"mailto:post@visitdessau.com\" target=\"_blank\" rel=\"noopener\">post@visitdessau.com<\/a>[\/vc_column_text][\/vc_tta_section][\/vc_tta_accordion][\/vc_column][\/vc_row][vc_row woodmart_css_id=&#8221;61d2ff8fb2ca3&#8243; mobile_bg_img_hidden=&#8221;no&#8221; tablet_bg_img_hidden=&#8221;no&#8221; woodmart_parallax=&#8221;0&#8243; woodmart_gradient_switch=&#8221;no&#8221; woodmart_box_shadow=&#8221;yes&#8221; wd_z_index=&#8221;no&#8221; woodmart_disable_overflow=&#8221;0&#8243; row_reverse_mobile=&#8221;0&#8243; row_reverse_tablet=&#8221;0&#8243;][vc_column width=&#8221;2\/3&#8243;]\t\t\t<div class=\"info-box-wrapper\">\n\t\t\t\t<div id=\"wd-66eadfc2c8a99\" class=\" wd-rs-66eadfc2c8a99 wd-info-box wd-wpb text-center box-icon-align-top box-style- color-scheme- wd-bg-none \">\n\t\t\t\t\t\t\t\t\t\t<div class=\"info-box-content\">\n\t\t\t\t\t\t<div class=\"info-box-subtitle subtitle-color-default wd-fontsize-xs subtitle-style-default\">Did you know?<\/div><h4 class=\"info-box-title title box-title-style-default wd-fontsize-m\">Evangelical Church Gro\u00dfk\u00fchnau<\/h4>\t\t\t\t\t\t<div class=\"info-box-inner reset-last-child\"><p>Between Gro\u00dfk\u00fchnau Palace and Park, a special church stands out with its brick shell and a tower structure that can be seen from afar. Built in 1828\/1829, it is one of the oldest neo-Romanesque churches in Germany and therefore definitely worth a visit! The Byzantine new building \u2013 like the Weinbergschl\u00f6sschen \u2013 probably comes from the master builder Carlo Ignazio Pozzi.  <\/p>\n<p><a href=\"https:\/\/www.landeskirche-anhalts.de\/projekte\/kirchen-im-gartenreich\/evangelische-kirche-groszkuehnau\" target=\"_blank\" rel=\"noopener\">More information<\/a><\/p>\n<\/div>\n\n\t\t\t\t\t\t\t\t\t\t\t<\/div>\n\n\t\t\t\t\t\n\t\t\t\t\t\t\t\t\t<\/div>\n\t\t\t<\/div>\n\t\t[\/vc_column][vc_column width=&#8221;1\/3&#8243;][vc_single_image image=&#8221;21959&#8243; img_size=&#8221;&#8221; alignment=&#8221;center&#8221; css=&#8221;&#8221; parallax_scroll=&#8221;no&#8221; woodmart_inline=&#8221;no&#8221;][\/vc_column][\/vc_row][vc_row woodmart_css_id=&#8221;61c0f77fc8a31&#8243; mobile_bg_img_hidden=&#8221;no&#8221; tablet_bg_img_hidden=&#8221;no&#8221; woodmart_parallax=&#8221;0&#8243; woodmart_gradient_switch=&#8221;no&#8221; woodmart_box_shadow=&#8221;no&#8221; wd_z_index=&#8221;no&#8221; woodmart_disable_overflow=&#8221;0&#8243; row_reverse_mobile=&#8221;0&#8243; row_reverse_tablet=&#8221;0&#8243;][vc_column][vc_text_separator title=&#8221;Any questions?&#8221; color=&#8221;black&#8221; el_class=&#8221;welterbe-abschnitt-ueberschrift&#8221;][vc_custom_heading text=&#8221;We are here for you!&#8221; font_container=&#8221;tag:p|text_align:center&#8221; use_theme_fonts=&#8221;yes&#8221; css_animation=&#8221;appear&#8221; css=&#8221;&#8221; el_class=&#8221;welterbe-abschnitt-beschreibung&#8221;][\/vc_column][\/vc_row][vc_row woodmart_css_id=&#8221;61d2ff8fb2ca3&#8243; mobile_bg_img_hidden=&#8221;no&#8221; tablet_bg_img_hidden=&#8221;no&#8221; woodmart_parallax=&#8221;0&#8243; woodmart_gradient_switch=&#8221;no&#8221; woodmart_box_shadow=&#8221;yes&#8221; wd_z_index=&#8221;no&#8221; woodmart_disable_overflow=&#8221;0&#8243; row_reverse_mobile=&#8221;0&#8243; row_reverse_tablet=&#8221;0&#8243;][vc_column width=&#8221;1\/2&#8243;]\t\t\t<div class=\"info-box-wrapper\">\n\t\t\t\t<div id=\"wd-65bccc9941dd4\" class=\" wd-rs-65bccc9941dd4 wd-info-box wd-wpb text-center box-icon-align-top box-style- color-scheme- wd-bg-none \">\n\t\t\t\t\t\t\t\t\t\t<div class=\"info-box-content\">\n\t\t\t\t\t\t<div class=\"info-box-subtitle subtitle-color-default wd-fontsize-xs subtitle-style-default\">Gartenreich Dessau-W\u00f6rlitz<\/div><h4 class=\"info-box-title title box-title-style-default wd-fontsize-m\">Touristinformation<\/h4>\t\t\t\t\t\t<div class=\"info-box-inner reset-last-child\"><p>in the kitchen building at W\u00f6rlitz Palace<br \/>\nKirchgasse 35, D-06785 Oranienbaum-W\u00f6rlitz<br \/>\nPhone +49 (0) 3 49 05.3 10 09<br \/>\n<a href=\"mailto:info@welterbe-gartenreich.de\">info@welterbe-gartenreich.de<\/a><br \/>\n<a href=\"http:\/\/www.welterbe-gartenreich.de\" target=\"_blank\" rel=\"noopener\">www.welterbe-gartenreich.de<\/a><\/p>\n<\/div>\n\n\t\t\t\t\t\t\t\t\t\t\t<\/div>\n\n\t\t\t\t\t\n\t\t\t\t\t\t\t\t\t<\/div>\n\t\t\t<\/div>\n\t\t[\/vc_column][vc_column width=&#8221;1\/2&#8243;]\t\t\t<div class=\"info-box-wrapper\">\n\t\t\t\t<div id=\"wd-6942beb745a07\" class=\" wd-rs-6942beb745a07 wd-info-box wd-wpb text-center box-icon-align-top box-style- color-scheme- wd-bg-none \">\n\t\t\t\t\t\t\t\t\t\t<div class=\"info-box-content\">\n\t\t\t\t\t\t<h4 class=\"info-box-title title box-title-style-default wd-fontsize-m\">Opening hours 2026<\/h4>\t\t\t\t\t\t<div class=\"info-box-inner reset-last-child\"><p>January to March 20, November, December:<br \/>\nMon to Fri 9:30 am to 4:00 pm<\/p>\n<p>21. March to November 1:<br \/>\nMon to Thu, Sun, public holidays 9:30 am to 4:00 pm<br \/>\nFri and Sat 9:30 am to 5:00 pm<\/p>\n<\/div>\n\n\t\t\t\t\t\t\t\t\t\t\t<\/div>\n\n\t\t\t\t\t\n\t\t\t\t\t\t\t\t\t<\/div>\n\t\t\t<\/div>\n\t\t[\/vc_column][\/vc_row]<\/p>\n<\/div>","protected":false},"excerpt":{"rendered":"<p>[vc_row gap=&#8221;25&#8243; content_placement=&#8221;top&#8221; mobile_bg_img_hidden=&#8221;no&#8221; tablet_bg_img_hidden=&#8221;no&#8221; woodmart_parallax=&#8221;0&#8243; woodmart_gradient_switch=&#8221;no&#8221; row_reverse_mobile=&#8221;0&#8243; row_reverse_tablet=&#8221;0&#8243; woodmart_disable_overflow=&#8221;0&#8243;][vc_column offset=&#8221;vc_col-lg-offset-0&#8243; mobile_bg_img_hidden=&#8221;no&#8221; tablet_bg_img_hidden=&#8221;no&#8221; woodmart_parallax=&#8221;0&#8243; woodmart_sticky_column=&#8221;false&#8221; parallax_scroll=&#8221;no&#8221; mobile_reset_margin=&#8221;no&#8221; tablet_reset_margin=&#8221;no&#8221; el_class=&#8221;bild-oben-text-box&#8221;][vc_gallery interval=&#8221;5&#8243;<\/p>\n","protected":false},"author":1,"featured_media":15321,"parent":11393,"menu_order":0,"comment_status":"closed","ping_status":"closed","template":"","meta":{"_acf_changed":false,"_seopress_robots_primary_cat":"","_seopress_titles_title":"Gro\u00dfk\u00fchnau Palace and Park | Garden Realm Dessau-W\u00f6rlitz","_seopress_titles_desc":"Old oaks with mighty branches form a venerable picture on the edge of the almost natural K\u00fchnauer See. Crossed by a number of architectural pearls, art and nature are excellently combined in the Gro\u00dfk\u00fchnau Park. ","_seopress_robots_index":"","footnotes":""},"class_list":["post-11482","page","type-page","status-publish","has-post-thumbnail","hentry"],"acf":[],"_links":{"self":[{"href":"https:\/\/www.welterbe-gartenreich.de\/en\/wp-json\/wp\/v2\/pages\/11482","targetHints":{"allow":["GET"]}}],"collection":[{"href":"https:\/\/www.welterbe-gartenreich.de\/en\/wp-json\/wp\/v2\/pages"}],"about":[{"href":"https:\/\/www.welterbe-gartenreich.de\/en\/wp-json\/wp\/v2\/types\/page"}],"author":[{"embeddable":true,"href":"https:\/\/www.welterbe-gartenreich.de\/en\/wp-json\/wp\/v2\/users\/1"}],"replies":[{"embeddable":true,"href":"https:\/\/www.welterbe-gartenreich.de\/en\/wp-json\/wp\/v2\/comments?post=11482"}],"version-history":[{"count":10,"href":"https:\/\/www.welterbe-gartenreich.de\/en\/wp-json\/wp\/v2\/pages\/11482\/revisions"}],"predecessor-version":[{"id":22015,"href":"https:\/\/www.welterbe-gartenreich.de\/en\/wp-json\/wp\/v2\/pages\/11482\/revisions\/22015"}],"up":[{"embeddable":true,"href":"https:\/\/www.welterbe-gartenreich.de\/en\/wp-json\/wp\/v2\/pages\/11393"}],"wp:featuredmedia":[{"embeddable":true,"href":"https:\/\/www.welterbe-gartenreich.de\/en\/wp-json\/wp\/v2\/media\/15321"}],"wp:attachment":[{"href":"https:\/\/www.welterbe-gartenreich.de\/en\/wp-json\/wp\/v2\/media?parent=11482"}],"curies":[{"name":"wp","href":"https:\/\/api.w.org\/{rel}","templated":true}]}}