{"id":11478,"date":"2022-01-04T14:52:59","date_gmt":"2022-01-04T13:52:59","guid":{"rendered":"https:\/\/www.welterbe-gartenreich.de\/garden-realm-dessau-woerlitz\/sieglitzer-berg\/"},"modified":"2026-08-13T11:37:03","modified_gmt":"2026-08-13T09:37:03","slug":"sieglitzer-berg","status":"publish","type":"page","link":"https:\/\/www.welterbe-gartenreich.de\/en\/unesco-world-heritage-site\/sieglitzer-berg\/","title":{"rendered":"Sieglitzer Berg"},"content":{"rendered":"<div class=\"wpb-content-wrapper\" id=\"wpb-content-root\"><p>[vc_row gap=&#8221;25&#8243; mobile_bg_img_hidden=&#8221;no&#8221; tablet_bg_img_hidden=&#8221;no&#8221; woodmart_parallax=&#8221;0&#8243; woodmart_gradient_switch=&#8221;no&#8221; row_reverse_mobile=&#8221;0&#8243; row_reverse_tablet=&#8221;0&#8243; woodmart_disable_overflow=&#8221;0&#8243;][vc_column offset=&#8221;vc_col-lg-offset-0&#8243; mobile_bg_img_hidden=&#8221;no&#8221; tablet_bg_img_hidden=&#8221;no&#8221; woodmart_parallax=&#8221;0&#8243; woodmart_sticky_column=&#8221;false&#8221; parallax_scroll=&#8221;no&#8221; mobile_reset_margin=&#8221;no&#8221; tablet_reset_margin=&#8221;no&#8221; el_class=&#8221;bild-oben-text-box&#8221;][vc_gallery onclick=&#8221;&#8221; images=&#8221;15313,18280,18266&#8243; img_size=&#8221;box-top-image&#8221; interval=&#8221;5&#8243; css=&#8221;.vc_custom_1726669969843{margin-bottom: 0px !important;padding-bottom: 0px !important;}&#8221; el_class=&#8221;slider-oben&#8221;][vc_row_inner][vc_column_inner el_class=&#8221;box-text-block&#8221;][vc_custom_heading text=&#8221;Sieglitzer Berg&#8221; font_container=&#8221;tag:h2|text_align:center|color:rgba(0%2C0%2C0%2C0.55)&#8221; use_theme_fonts=&#8221;yes&#8221; el_class=&#8221;box-erste-ueberschrift&#8221;][vc_custom_heading text=&#8221;Forest Park&#8221; font_container=&#8221;tag:h3|text_align:center|color:rgba(0%2C0%2C0%2C0.55)&#8221; use_theme_fonts=&#8221;yes&#8221; el_class=&#8221;box-zweite-ueberschrift&#8221;][vc_column_text woodmart_color_scheme=&#8221;dark&#8221; woodmart_inline=&#8221;no&#8221; text_larger=&#8221;no&#8221; el_class=&#8221;box-text&#8221;]Three gates west of the old fishing village of Vockerode unexpectedly amaze in the middle of the wooded floodplain landscape of the Elbe. Because something special has to wait for the visitors here. And indeed: they form the entrances to a remote forest park that sits lonely on a fortified high bank of the Elbe &#8211; the Sieglitzer Berg. The fact that it is more forest than park gives it a captivating natural beauty and creates a contemplative atmosphere that cannot be found anywhere else in the <a href=\"https:\/\/www.welterbe-gartenreich.de\/en\/unesco-world-heritage-site\/\">Garden Realm<\/a>.[\/vc_column_text][\/vc_column_inner][\/vc_row_inner][\/vc_column][\/vc_row][vc_row woodmart_css_id=&#8221;61d2ff8fb2ca3&#8243; mobile_bg_img_hidden=&#8221;no&#8221; tablet_bg_img_hidden=&#8221;no&#8221; woodmart_parallax=&#8221;0&#8243; woodmart_gradient_switch=&#8221;no&#8221; woodmart_box_shadow=&#8221;yes&#8221; wd_z_index=&#8221;no&#8221; woodmart_disable_overflow=&#8221;0&#8243; row_reverse_mobile=&#8221;0&#8243; row_reverse_tablet=&#8221;0&#8243;][vc_column width=&#8221;1\/3&#8243;][vc_single_image image=&#8221;21939&#8243; img_size=&#8221;&#8221; alignment=&#8221;center&#8221; parallax_scroll=&#8221;no&#8221; woodmart_inline=&#8221;no&#8221;][\/vc_column][vc_column width=&#8221;2\/3&#8243;]\t\t\t<div class=\"info-box-wrapper\">\n\t\t\t\t\t\t\t\t<div id=\"wd-66e7eef32a2e1\" class=\" wd-rs-66e7eef32a2e1 wd-info-box wd-wpb text-center box-icon-align-top box-style- color-scheme- wd-bg-none \">\n\t\t\t\t\t\t\t\t\t\t<div class=\"info-box-content\">\n\t\t\t\t\t\t<div class=\"info-box-subtitle subtitle-color-default wd-fontsize-xs subtitle-style-default\">History<\/div><h4 class=\"info-box-title title box-title-style-default wd-fontsize-m\">Of recovery<\/h4>\t\t\t\t\t\t<div class=\"info-box-inner reset-last-child\"><p>In the middle of the dense green of this forest park, you will come across a gleaming white building: the Solitude. The classicist building, which was built from 1777 onwards, is reminiscent of a Doric temple. But the building was not only decoration for the forest park. No, it had a very specific function. This is indicated by the golden letters above the columns in front of the entrance. It says &#8220;THE IMPROVEMENT&#8221;.     <\/p>\n<p>Prince Franz, plagued by rheumatic complaints, found the perfect place for a spa in the seclusion of the forest. The water for warm, soothing baths came from a kitchen building, of which only ruins stand next to the Solitude today \u2013 silent witnesses of the time when the complex still served the creator of the Garden Realm for recovery.<\/p>\n<\/div>\n\n\t\t\t\t\t\t\t\t\t\t\t<\/div>\n\n\t\t\t\t\t\n\t\t\t\t\t\t\t\t\t<\/div>\n\t\t\t<\/div>\n\t\t[\/vc_column][\/vc_row][vc_row woodmart_css_id=&#8221;61c0f77fc8a31&#8243; mobile_bg_img_hidden=&#8221;no&#8221; tablet_bg_img_hidden=&#8221;no&#8221; woodmart_parallax=&#8221;0&#8243; woodmart_gradient_switch=&#8221;no&#8221; woodmart_box_shadow=&#8221;no&#8221; wd_z_index=&#8221;no&#8221; woodmart_disable_overflow=&#8221;0&#8243; row_reverse_mobile=&#8221;0&#8243; row_reverse_tablet=&#8221;0&#8243;][vc_column][vc_text_separator title=&#8221;Come on in!&#8221; color=&#8221;black&#8221; el_class=&#8221;welterbe-abschnitt-ueberschrift&#8221;][vc_custom_heading text=&#8221;What to expect&#8221; font_container=&#8221;tag:p|text_align:center&#8221; use_theme_fonts=&#8221;yes&#8221; css_animation=&#8221;appear&#8221; el_class=&#8221;welterbe-abschnitt-beschreibung&#8221;][\/vc_column][\/vc_row][vc_row woodmart_css_id=&#8221;61c0887e718b1&#8243; mobile_bg_img_hidden=&#8221;no&#8221; tablet_bg_img_hidden=&#8221;no&#8221; woodmart_parallax=&#8221;0&#8243; woodmart_gradient_switch=&#8221;no&#8221; woodmart_box_shadow=&#8221;no&#8221; wd_z_index=&#8221;no&#8221; woodmart_disable_overflow=&#8221;0&#8243; row_reverse_mobile=&#8221;0&#8243; row_reverse_tablet=&#8221;0&#8243; el_id=&#8221;Public guided tours of the park&#8221;][vc_column width=&#8221;1\/2&#8243; el_class=&#8221;welterbe-akkordion-container hell&#8221; woodmart_css_id=&#8221;65c0af331c0d3&#8243; parallax_scroll=&#8221;no&#8221; woodmart_sticky_column=&#8221;false&#8221; wd_collapsible_content_switcher=&#8221;no&#8221; wd_column_role_offcanvas_desktop=&#8221;no&#8221; wd_column_role_offcanvas_tablet=&#8221;no&#8221; wd_column_role_offcanvas_mobile=&#8221;no&#8221; wd_column_role_content_desktop=&#8221;no&#8221; wd_column_role_content_tablet=&#8221;no&#8221; wd_column_role_content_mobile=&#8221;no&#8221; mobile_bg_img_hidden=&#8221;no&#8221; tablet_bg_img_hidden=&#8221;no&#8221; woodmart_parallax=&#8221;0&#8243; woodmart_box_shadow=&#8221;no&#8221; responsive_spacing=&#8221;eyJwYXJhbV90eXBlIjoid29vZG1hcnRfcmVzcG9uc2l2ZV9zcGFjaW5nIiwic2VsZWN0b3JfaWQiOiI2NWMwYWYzMzFjMGQzIiwic2hvcnRjb2RlIjoidmNfY29sdW1uIiwiZGF0YSI6eyJ0YWJsZXQiOnt9LCJtb2JpbGUiOnt9fX0=&#8221; mobile_reset_margin=&#8221;no&#8221; tablet_reset_margin=&#8221;no&#8221; wd_z_index=&#8221;no&#8221;]\t\t\t<div class=\"info-box-wrapper\">\n\t\t\t\t\t\t\t\t<div id=\"wd-66e7f6eba107b\" class=\" wd-rs-66e7f6eba107b wd-info-box wd-wpb text-center box-icon-align-top box-style- color-scheme- wd-bg-none \">\n\t\t\t\t\t\t\t\t\t\t<div class=\"info-box-content\">\n\t\t\t\t\t\t<div class=\"info-box-subtitle subtitle-color-default wd-fontsize-xs subtitle-style-default\">Insights<\/div><h4 class=\"info-box-title title box-title-style-default wd-fontsize-m\">Solitude<\/h4>\t\t\t\t\t\t<div class=\"info-box-inner reset-last-child\"><p>The original Solitude was deliberately destroyed during the GDR era. From 2008 onwards, it was possible to reconstruct it thanks to numerous donations, subsidies and the work of the <a href=\"https:\/\/dessau.rotary.de\/\" target=\"_blank\" rel=\"noopener\">Rotary Club of Dessau.<\/a> Since 2010, it has been shining white again from the shadows of the forest park and opens its doors to interested Garden Realm guests on special occasions or thematic tours.<\/p>\n<\/div>\n\n\t\t\t\t\t\t\t\t\t\t\t<\/div>\n\n\t\t\t\t\t\n\t\t\t\t\t\t\t\t\t<\/div>\n\t\t\t<\/div>\n\t\t[vc_single_image image=&#8221;15309&#8243; img_size=&#8221;&#8221; alignment=&#8221;center&#8221; parallax_scroll=&#8221;no&#8221; woodmart_inline=&#8221;no&#8221;][vc_tta_accordion style=&#8221;flat&#8221; shape=&#8221;square&#8221; color=&#8221;peacoc&#8221; c_icon=&#8221;triangle&#8221; c_position=&#8221;right&#8221; collapsible_all=&#8221;true&#8221; active_section=&#8221;100&#8243; no_fill=&#8221;true&#8221; el_class=&#8221;welterbe-akkordion hell&#8221;][vc_tta_section title=&#8221;Opening hours&#8221; tab_id=&#8221;1640079519914-6ff88914-b9ee64bd-ee03&#8243;][vc_column_text woodmart_inline=&#8221;no&#8221; text_larger=&#8221;no&#8221;]The Solitude is open only on special occasions.<\/p>\n<p>You can find information about dates <a href=\"https:\/\/www.welterbe-gartenreich.de\/en\/events\/\">here<\/a>.[\/vc_column_text][\/vc_tta_section][vc_tta_section title=&#8221;Contact&#8221; tab_id=&#8221;1704896649416-0c64acf5-e67a64bd-ee03&#8243;][vc_column_text woodmart_inline=&#8221;no&#8221; text_larger=&#8221;no&#8221;]<strong>Kulturstiftung Dessau-W\u00f6rlitz<\/strong><br \/>\nSchloss Gro\u00dfk\u00fchnau<br \/>\nEbenhanstra\u00dfe 8<br \/>\nD-06846 Dessau-Ro\u00dflau<br \/>\nTelefon +49 (0)340.646150<br \/>\n<span id=\"cloakddf820fa050d18a11a89b86ba8b2d6d7\"><a href=\"mailto:service@gartenreich.de\" target=\"_blank\" rel=\"noopener noreferrer\">service@gartenreich.de<\/a><\/span>[\/vc_column_text][\/vc_tta_section][\/vc_tta_accordion][\/vc_column][vc_column width=&#8221;1\/2&#8243; el_class=&#8221;welterbe-akkordion-container hell&#8221; woodmart_css_id=&#8221;61adc2bcb9a4c&#8221; parallax_scroll=&#8221;no&#8221; woodmart_sticky_column=&#8221;false&#8221; wd_collapsible_content_switcher=&#8221;no&#8221; mobile_bg_img_hidden=&#8221;no&#8221; tablet_bg_img_hidden=&#8221;no&#8221; woodmart_parallax=&#8221;0&#8243; woodmart_box_shadow=&#8221;no&#8221; mobile_reset_margin=&#8221;no&#8221; tablet_reset_margin=&#8221;no&#8221; wd_z_index=&#8221;no&#8221;]\t\t\t<div class=\"info-box-wrapper\">\n\t\t\t\t\t\t\t\t<div id=\"wd-66e7e71f68903\" class=\" wd-rs-66e7e71f68903 wd-info-box wd-wpb text-center box-icon-align-top box-style- color-scheme- wd-bg-none \">\n\t\t\t\t\t\t\t\t\t\t<div class=\"info-box-content\">\n\t\t\t\t\t\t<div class=\"info-box-subtitle subtitle-color-default wd-fontsize-xs subtitle-style-default\">A place of<\/div><h4 class=\"info-box-title title box-title-style-default wd-fontsize-m\">Woodland solitude<\/h4>\t\t\t\t\t\t<div class=\"info-box-inner reset-last-child\"><p>By using the natural trees on this hill in the middle of the Elbe meadow landscape as a central design element and having only a few horticultural interventions carried out, Prince Franz created an &#8220;orderly wilderness&#8221; \u2013 interspersed with paths, gates, small and large architectures and monuments, vases and sculptures.<\/p>\n<\/div>\n\n\t\t\t\t\t\t\t\t\t\t\t<\/div>\n\n\t\t\t\t\t\n\t\t\t\t\t\t\t\t\t<\/div>\n\t\t\t<\/div>\n\t\t[vc_single_image image=&#8221;15315&#8243; img_size=&#8221;&#8221; alignment=&#8221;center&#8221; parallax_scroll=&#8221;no&#8221; woodmart_inline=&#8221;no&#8221;][vc_tta_accordion style=&#8221;flat&#8221; shape=&#8221;square&#8221; c_icon=&#8221;triangle&#8221; c_position=&#8221;right&#8221; collapsible_all=&#8221;true&#8221; active_section=&#8221;100&#8243; no_fill=&#8221;true&#8221; el_class=&#8221;welterbe-akkordion hell&#8221;][vc_tta_section title=&#8221;Opening hours&#8221; tab_id=&#8221;1642689628680-8f63d1b1-1a2664bd-ee03&#8243;][vc_column_text woodmart_inline=&#8221;no&#8221; text_larger=&#8221;no&#8221;]The park is open all year round and is freely accessible.<\/p>\n<p>In the event of weather events, closures may take place at short notice. There is a limited winter service.[\/vc_column_text][\/vc_tta_section][vc_tta_section title=&#8221;Guided tours&#8221; tab_id=&#8221;1642689628679-3d1358de-274664bd-ee03&#8243;][vc_column_text woodmart_inline=&#8221;no&#8221; text_larger=&#8221;no&#8221;]There are currently no dates available for public tours of the park.<br \/>\nInformation on special tours can be found <a href=\"https:\/\/www.welterbe-gartenreich.de\/en\/event-category\/guidance\/\">here.<\/a>[\/vc_column_text][\/vc_tta_section][\/vc_tta_accordion][\/vc_column][\/vc_row][vc_row el_id=&#8221;gondola rides&#8221; woodmart_css_id=&#8221;61c0f77fc8a31&#8243; mobile_bg_img_hidden=&#8221;no&#8221; tablet_bg_img_hidden=&#8221;no&#8221; woodmart_parallax=&#8221;0&#8243; woodmart_gradient_switch=&#8221;no&#8221; woodmart_box_shadow=&#8221;no&#8221; wd_z_index=&#8221;no&#8221; woodmart_disable_overflow=&#8221;0&#8243; row_reverse_mobile=&#8221;0&#8243; row_reverse_tablet=&#8221;0&#8243;][vc_column][vc_text_separator title=&#8221;More&#8221; color=&#8221;black&#8221; el_class=&#8221;welterbe-abschnitt-ueberschrift&#8221;][vc_custom_heading text=&#8221;Tips, offers, events,&#8230;&#8221; font_container=&#8221;tag:p|text_align:center&#8221; use_theme_fonts=&#8221;yes&#8221; css_animation=&#8221;appear&#8221; el_class=&#8221;welterbe-abschnitt-beschreibung&#8221;][\/vc_column][\/vc_row][vc_row woodmart_css_id=&#8221;67b5e8e5c66f9&#8243; responsive_spacing=&#8221;eyJwYXJhbV90eXBlIjoid29vZG1hcnRfcmVzcG9uc2l2ZV9zcGFjaW5nIiwic2VsZWN0b3JfaWQiOiI2N2I1ZThlNWM2NmY5Iiwic2hvcnRjb2RlIjoidmNfcm93IiwiZGF0YSI6eyJ0YWJsZXQiOnt9LCJtb2JpbGUiOnt9fX0=&#8221; mobile_bg_img_hidden=&#8221;no&#8221; tablet_bg_img_hidden=&#8221;no&#8221; woodmart_parallax=&#8221;0&#8243; woodmart_gradient_switch=&#8221;no&#8221; woodmart_box_shadow=&#8221;no&#8221; wd_z_index=&#8221;no&#8221; woodmart_disable_overflow=&#8221;0&#8243; row_reverse_mobile=&#8221;0&#8243; row_reverse_tablet=&#8221;0&#8243; el_class=&#8221;carousel-row&#8221;][vc_column]\n\t\t\t<div id=\"carousel-217\" class=\"wd-carousel-container banners-carousel-wrapper   wd-rs-67b64728dd537\">\n\t\t\t\t<div class=\"wd-carousel-inner\">\n\t\t\t\t\t<div class=\"wd-carousel wd-grid banners-carousel carousel-front-two-element carousel-front-element\" data-scroll_per_page=\"yes\" style=\"--wd-col-lg:2.5;--wd-col-md:2;--wd-col-sm:1;--wd-gap-lg:20px;--wd-gap-sm:10px;\">\n\t\t\t\t\t\t<div class=\"wd-carousel-wrap\">\n\t\t\t\t\t\t\t\t\t<div class=\"promo-banner-wrapper  wd-rs-694935f13fb93  wd-carousel-item\">\n\t\t\t\t\t\t<div id=\"wd-694935f13fb93\" class=\"promo-banner  banner-content-background banner-hover-none color-scheme-dark banner-btn-size-default banner-btn-style-default carousel-element with-btn banner-btn-position-static wd-with-link wd-underline-colored\">\n\t\t\t\t<div class=\"main-wrapp-img\">\n\t\t\t\t\t<div class=\"banner-image wd-bg-position-center\" >\n\t\t\t\t\t\t<img loading=\"lazy\" decoding=\"async\" title = \"Europaradweg R1 &copy;\u00a9 Europaradweg R1_D3 \/ Thomas Koy\" width=\"477\" height=\"316\" src=\"https:\/\/www.welterbe-gartenreich.de\/wp-content\/uploads\/2024\/09\/80-Europaradweg-R1_Kulturgeschichte-5_6275\u00a9-Europaradweg-R1_D3_Thomas-Koy-477x316.jpg\" class=\"attachment-477x316 size-477x316\" alt=\"\" srcset=\"https:\/\/www.welterbe-gartenreich.de\/wp-content\/uploads\/2024\/09\/80-Europaradweg-R1_Kulturgeschichte-5_6275\u00a9-Europaradweg-R1_D3_Thomas-Koy-477x316.jpg 477w, https:\/\/www.welterbe-gartenreich.de\/wp-content\/uploads\/2024\/09\/80-Europaradweg-R1_Kulturgeschichte-5_6275\u00a9-Europaradweg-R1_D3_Thomas-Koy-391x260.jpg 391w, https:\/\/www.welterbe-gartenreich.de\/wp-content\/uploads\/2024\/09\/80-Europaradweg-R1_Kulturgeschichte-5_6275\u00a9-Europaradweg-R1_D3_Thomas-Koy-394x260.jpg 394w, https:\/\/www.welterbe-gartenreich.de\/wp-content\/uploads\/2024\/09\/80-Europaradweg-R1_Kulturgeschichte-5_6275\u00a9-Europaradweg-R1_D3_Thomas-Koy-150x100.jpg 150w\" sizes=\"auto, (max-width: 477px) 100vw, 477px\" \/>\t\t\t\t\t<\/div>\n\t\t\t\t<\/div>\n\n\t\t\t\t<div class=\"wrapper-content-banner wd-fill  wd-items-bottom wd-justify-center\">\n\t\t\t\t\t<div class=\"content-banner  text-center\">\n\t\t\t\t\t\t<h2 class=\"banner-title wd-font-weight- wd-fontsize-xl\">European Cycle Route R1<\/h2>\t\t\t\t\t\t\t\t\t\t\t\t\t<div class=\"banner-inner reset-last-child wd-fontsize-s\">\n\t\t\t\t\t\t\t\t<p>Experience cultural history by bike: the Europaradweg R1 cycle route takes you past regional cultural highlights and historical sites that bring European history to life \u2013 and right through the Garden Realm of Dessau-W\u00f6rlitz and the park at Sieglitzer Berg.<\/p>\n\t\t\t\t\t\t\t<\/div>\n\t\t\t\t\t\t\n\t\t\t\t\t\t\n\t\t\t\t\t\t<div class=\"banner-btn-wrapper\"><div id=\"wd-6a97f4e0c121f\" class=\"  wd-button-wrapper text-center\"><a href=\"https:\/\/www.europaradweg-r1.de\/staedte-sehenswuerdigkeiten-landschaften\/unesco-gartenreich-dessau-woerlitz\" title=\"\" target=\"_blank\" class=\"btn btn-color-alt btn-style-default btn-shape-rectangle btn-size-default\">More<\/a><\/div><\/div>\t\t\t\t\t<\/div>\n\t\t\t\t<\/div>\n\n\t\t\t\t\t\t\t\t\t<a class=\"wd-promo-banner-link wd-fill\" aria-label=\"Banner link\" href=\"https:\/\/www.europaradweg-r1.de\/staedte-sehenswuerdigkeiten-landschaften\/unesco-gartenreich-dessau-woerlitz\" title=\"\" target=\"_blank\"><\/a>\n\t\t\t\t\n\t\t\t\t\t\t\t<\/div>\n\t\t<\/div>\n\n\t\t\t\t<div class=\"promo-banner-wrapper  wd-rs-694935b25af52  wd-carousel-item\">\n\t\t\t\t\t\t<div id=\"wd-694935b25af52\" class=\"promo-banner  banner-content-background banner-hover-none color-scheme-dark banner-btn-size-default banner-btn-style-default carousel-element with-btn banner-btn-position-static wd-with-link wd-underline-colored\">\n\t\t\t\t<div class=\"main-wrapp-img\">\n\t\t\t\t\t<div class=\"banner-image wd-bg-position-center\" >\n\t\t\t\t\t\t<img loading=\"lazy\" decoding=\"async\" title = \"Europaradweg R1 &copy;\u00a9 Europaradweg R1_D3 \/ Thomas Koy\" width=\"477\" height=\"316\" src=\"https:\/\/www.welterbe-gartenreich.de\/wp-content\/uploads\/2024\/09\/Europaradweg_Kulturgeschichte-4_Biosphaerenreservat-Mittelelbe_5020-\u00a9-Europaradweg-R1_D3-Thomas-Koy-2-477x316.jpg\" class=\"attachment-477x316 size-477x316\" alt=\"\" srcset=\"https:\/\/www.welterbe-gartenreich.de\/wp-content\/uploads\/2024\/09\/Europaradweg_Kulturgeschichte-4_Biosphaerenreservat-Mittelelbe_5020-\u00a9-Europaradweg-R1_D3-Thomas-Koy-2-477x316.jpg 477w, https:\/\/www.welterbe-gartenreich.de\/wp-content\/uploads\/2024\/09\/Europaradweg_Kulturgeschichte-4_Biosphaerenreservat-Mittelelbe_5020-\u00a9-Europaradweg-R1_D3-Thomas-Koy-2-391x260.jpg 391w, https:\/\/www.welterbe-gartenreich.de\/wp-content\/uploads\/2024\/09\/Europaradweg_Kulturgeschichte-4_Biosphaerenreservat-Mittelelbe_5020-\u00a9-Europaradweg-R1_D3-Thomas-Koy-2-394x260.jpg 394w, https:\/\/www.welterbe-gartenreich.de\/wp-content\/uploads\/2024\/09\/Europaradweg_Kulturgeschichte-4_Biosphaerenreservat-Mittelelbe_5020-\u00a9-Europaradweg-R1_D3-Thomas-Koy-2-150x100.jpg 150w\" sizes=\"auto, (max-width: 477px) 100vw, 477px\" \/>\t\t\t\t\t<\/div>\n\t\t\t\t<\/div>\n\n\t\t\t\t<div class=\"wrapper-content-banner wd-fill  wd-items-bottom wd-justify-center\">\n\t\t\t\t\t<div class=\"content-banner  text-center\">\n\t\t\t\t\t\t<h2 class=\"banner-title wd-font-weight- wd-fontsize-xl\">Elbe River Cycle Route<\/h2>\t\t\t\t\t\t\t\t\t\t\t\t\t<div class=\"banner-inner reset-last-child wd-fontsize-s\">\n\t\t\t\t\t\t\t\t<p>One of the most beautiful cycle paths in Germany follows the course of the River Elbe: the Elbe Cycle Route. Follow it and ride straight through the park at Sieglitzer Berg.<\/p>\n\t\t\t\t\t\t\t<\/div>\n\t\t\t\t\t\t\n\t\t\t\t\t\t\n\t\t\t\t\t\t<div class=\"banner-btn-wrapper\"><div id=\"wd-6a97f4e0c18a2\" class=\"  wd-button-wrapper text-center\"><a href=\"https:\/\/www.elberadweg.de\/Poi\/sieglitzer-berg-gartenreich-dessau-woerlitz\/\" title=\"\" target=\"_blank\" class=\"btn btn-color-alt btn-style-default btn-shape-rectangle btn-size-default\">More<\/a><\/div><\/div>\t\t\t\t\t<\/div>\n\t\t\t\t<\/div>\n\n\t\t\t\t\t\t\t\t\t<a class=\"wd-promo-banner-link wd-fill\" aria-label=\"Banner link\" href=\"https:\/\/www.elberadweg.de\/Poi\/sieglitzer-berg-gartenreich-dessau-woerlitz\/\" title=\"\" target=\"_blank\"><\/a>\n\t\t\t\t\n\t\t\t\t\t\t\t<\/div>\n\t\t<\/div>\n\n\t\t\t\t<div class=\"promo-banner-wrapper  wd-rs-69493670770f7  wd-carousel-item\">\n\t\t\t\t\t\t<div id=\"wd-69493670770f7\" class=\"promo-banner  banner-content-background banner-hover-none color-scheme-dark banner-btn-size-default banner-btn-style-default carousel-element with-btn banner-btn-position-static wd-with-link wd-underline-colored\">\n\t\t\t\t<div class=\"main-wrapp-img\">\n\t\t\t\t\t<div class=\"banner-image wd-bg-position-center\" >\n\t\t\t\t\t\t<img loading=\"lazy\" decoding=\"async\" title = \"Wandern im Biosph\u00e4renreservat Mittelelbe &copy;IMG Sachsen-Anhalt mbH, Florian Trykowski\" width=\"477\" height=\"316\" src=\"https:\/\/www.welterbe-gartenreich.de\/wp-content\/uploads\/2024\/01\/UNESCO-Biosphaerenreservat-Mittelelbe-2-scaled-477x316.jpg\" class=\"attachment-477x316 size-477x316\" alt=\"Wandern im Biosph\u00e4renreservat Mittelelbe\" srcset=\"https:\/\/www.welterbe-gartenreich.de\/wp-content\/uploads\/2024\/01\/UNESCO-Biosphaerenreservat-Mittelelbe-2-scaled-477x316.jpg 477w, https:\/\/www.welterbe-gartenreich.de\/wp-content\/uploads\/2024\/01\/UNESCO-Biosphaerenreservat-Mittelelbe-2-391x260.jpg 391w, https:\/\/www.welterbe-gartenreich.de\/wp-content\/uploads\/2024\/01\/UNESCO-Biosphaerenreservat-Mittelelbe-2-scaled-394x260.jpg 394w, https:\/\/www.welterbe-gartenreich.de\/wp-content\/uploads\/2024\/01\/UNESCO-Biosphaerenreservat-Mittelelbe-2-150x100.jpg 150w\" sizes=\"auto, (max-width: 477px) 100vw, 477px\" \/>\t\t\t\t\t<\/div>\n\t\t\t\t<\/div>\n\n\t\t\t\t<div class=\"wrapper-content-banner wd-fill  wd-items-bottom wd-justify-center\">\n\t\t\t\t\t<div class=\"content-banner  text-center\">\n\t\t\t\t\t\t<h2 class=\"banner-title wd-font-weight- wd-fontsize-xl\">Middle Elbe Biosphere Reserve<\/h2>\t\t\t\t\t\t\t\t\t\t\t\t\t<div class=\"banner-inner reset-last-child wd-fontsize-s\">\n\t\t\t\t\t\t\t\t<p>The park on Sieglitzer Berg is elegantly nestled in the vast floodplain landscape of the Middle Elbe Biosphere Reserve. In the 18th century, where the Elbe and Mulde rivers form the landscape quite naturally, Prince Franz implemented his programme for the beautification of the country.<\/p>\n\t\t\t\t\t\t\t<\/div>\n\t\t\t\t\t\t\n\t\t\t\t\t\t\n\t\t\t\t\t\t<div class=\"banner-btn-wrapper\"><div id=\"wd-6a97f4e0c1f7b\" class=\"  wd-button-wrapper text-center\"><a href=\"https:\/\/www.welterbe-gartenreich.de\/en\/tipps\/biospher-reserve-middle-elbe\/\" title=\"\" class=\"btn btn-color-alt btn-style-default btn-shape-rectangle btn-size-default\">More<\/a><\/div><\/div>\t\t\t\t\t<\/div>\n\t\t\t\t<\/div>\n\n\t\t\t\t\t\t\t\t\t<a class=\"wd-promo-banner-link wd-fill\" aria-label=\"Banner link\" href=\"https:\/\/www.welterbe-gartenreich.de\/en\/tipps\/biospher-reserve-middle-elbe\/\" title=\"\"><\/a>\n\t\t\t\t\n\t\t\t\t\t\t\t<\/div>\n\t\t<\/div>\n\n\t\t\t\t<div class=\"promo-banner-wrapper  wd-rs-6949365c89dac  wd-carousel-item\">\n\t\t\t\t\t\t<div id=\"wd-6949365c89dac\" class=\"promo-banner  banner-content-background banner-hover-none color-scheme-dark banner-btn-size-default banner-btn-style-default carousel-element with-btn banner-btn-position-static wd-with-link wd-underline-colored\">\n\t\t\t\t<div class=\"main-wrapp-img\">\n\t\t\t\t\t<div class=\"banner-image wd-bg-position-center\" >\n\t\t\t\t\t\t<img loading=\"lazy\" decoding=\"async\" title = \"Klicken\" width=\"477\" height=\"316\" src=\"https:\/\/www.welterbe-gartenreich.de\/wp-content\/uploads\/2024\/02\/Logo-breit-477x316.jpg\" class=\"attachment-477x316 size-477x316\" alt=\"\" srcset=\"https:\/\/www.welterbe-gartenreich.de\/wp-content\/uploads\/2024\/02\/Logo-breit-477x316.jpg 477w, https:\/\/www.welterbe-gartenreich.de\/wp-content\/uploads\/2024\/02\/Logo-breit-391x260.jpg 391w, https:\/\/www.welterbe-gartenreich.de\/wp-content\/uploads\/2024\/02\/Logo-breit-394x260.jpg 394w\" sizes=\"auto, (max-width: 477px) 100vw, 477px\" \/>\t\t\t\t\t<\/div>\n\t\t\t\t<\/div>\n\n\t\t\t\t<div class=\"wrapper-content-banner wd-fill  wd-items-bottom wd-justify-center\">\n\t\t\t\t\t<div class=\"content-banner  text-center\">\n\t\t\t\t\t\t<h2 class=\"banner-title wd-font-weight- wd-fontsize-xl\">Interactive Map<\/h2>\t\t\t\t\t\t\t\t\t\t\t\t\t<div class=\"banner-inner reset-last-child wd-fontsize-s\">\n\t\t\t\t\t\t\t\t<p>Search for the most beautiful cycle paths and routes through the countryside on our <g id=\"gid_0\">interactive map<\/g>. This allows you to plan your stay easily and individually &#8211; and never lose track of things during your trip.<\/p>\n\t\t\t\t\t\t\t<\/div>\n\t\t\t\t\t\t\n\t\t\t\t\t\t\n\t\t\t\t\t\t<div class=\"banner-btn-wrapper\"><div id=\"wd-6a97f4e0c25ea\" class=\"  wd-button-wrapper text-center\"><a href=\"https:\/\/www.welterbe-gartenreich.de\/karte\/?region=welterbe&#038;layers=&#038;language=de\" title=\"\" target=\"_blank\" class=\"btn btn-color-alt btn-style-default btn-shape-rectangle btn-size-default\">More<\/a><\/div><\/div>\t\t\t\t\t<\/div>\n\t\t\t\t<\/div>\n\n\t\t\t\t\t\t\t\t\t<a class=\"wd-promo-banner-link wd-fill\" aria-label=\"Banner link\" href=\"https:\/\/www.welterbe-gartenreich.de\/karte\/?region=welterbe&#038;layers=&#038;language=de\" title=\"\" target=\"_blank\"><\/a>\n\t\t\t\t\n\t\t\t\t\t\t\t<\/div>\n\t\t<\/div>\n\n\t\t\t\t<div class=\"promo-banner-wrapper  wd-rs-694936ece620a  wd-carousel-item\">\n\t\t\t\t\t\t<div id=\"wd-694936ece620a\" class=\"promo-banner  banner-content-background banner-hover-none color-scheme-dark banner-btn-size-default banner-btn-style-default carousel-element with-btn banner-btn-position-static wd-with-link wd-underline-colored\">\n\t\t\t\t<div class=\"main-wrapp-img\">\n\t\t\t\t\t<div class=\"banner-image wd-bg-position-center\" >\n\t\t\t\t\t\t<img loading=\"lazy\" decoding=\"async\" title = \"Park am Sieglitzer Berg &copy;Kulturstiftung Dessau-W\u00f6rlitz, Heinz Fr\u00e4\u00dfdorf\" width=\"477\" height=\"316\" src=\"https:\/\/www.welterbe-gartenreich.de\/wp-content\/uploads\/2021\/12\/MG_5090-scaled-477x316.jpg\" class=\"attachment-477x316 size-477x316\" alt=\"\" srcset=\"https:\/\/www.welterbe-gartenreich.de\/wp-content\/uploads\/2021\/12\/MG_5090-scaled-477x316.jpg 477w, https:\/\/www.welterbe-gartenreich.de\/wp-content\/uploads\/2021\/12\/MG_5090-scaled-394x260.jpg 394w, https:\/\/www.welterbe-gartenreich.de\/wp-content\/uploads\/2021\/12\/MG_5090-391x260.jpg 391w\" sizes=\"auto, (max-width: 477px) 100vw, 477px\" \/>\t\t\t\t\t<\/div>\n\t\t\t\t<\/div>\n\n\t\t\t\t<div class=\"wrapper-content-banner wd-fill  wd-items-bottom wd-justify-center\">\n\t\t\t\t\t<div class=\"content-banner  text-center\">\n\t\t\t\t\t\t<h2 class=\"banner-title wd-font-weight- wd-fontsize-xl\">Special guided tours<\/h2>\t\t\t\t\t\t\t\t\t\t\t\t\t<div class=\"banner-inner reset-last-child wd-fontsize-s\">\n\t\t\t\t\t\t\t\t<p>There are many stories to tell about the park at Sieglitzer Berg. Guided tours on various topics \u2013 mostly by bicycle \u2013 are offered regularly during the main season.<\/p>\n\t\t\t\t\t\t\t<\/div>\n\t\t\t\t\t\t\n\t\t\t\t\t\t\n\t\t\t\t\t\t<div class=\"banner-btn-wrapper\"><div id=\"wd-6a97f4e0c2c55\" class=\"  wd-button-wrapper text-center\"><a href=\"https:\/\/www.welterbe-gartenreich.de\/en\/event-category\/guidance\/\" title=\"\" class=\"btn btn-color-alt btn-style-default btn-shape-rectangle btn-size-default\">More<\/a><\/div><\/div>\t\t\t\t\t<\/div>\n\t\t\t\t<\/div>\n\n\t\t\t\t\t\t\t\t\t<a class=\"wd-promo-banner-link wd-fill\" aria-label=\"Banner link\" href=\"https:\/\/www.welterbe-gartenreich.de\/en\/event-category\/guidance\/\" title=\"\"><\/a>\n\t\t\t\t\n\t\t\t\t\t\t\t<\/div>\n\t\t<\/div>\n\n\t\t\t\t\t\t\t\t<\/div>\n\t\t\t\t\t<\/div>\n\n\t\t\t\t\t\t\t\t\t\t\t\t\t<div class=\"wd-nav-arrows wd-pos-sep wd-hover-1 wd-icon-1\">\n\t\t\t<div class=\"wd-btn-arrow wd-prev wd-disabled\">\n\t\t\t\t<div class=\"wd-arrow-inner\"><\/div>\n\t\t\t<\/div>\n\t\t\t<div class=\"wd-btn-arrow wd-next\">\n\t\t\t\t<div class=\"wd-arrow-inner\"><\/div>\n\t\t\t<\/div>\n\t\t<\/div>\n\t\t\t\t\t\t\t\t\t\t\t<\/div>\n\n\t\t\t\t\t\t<div class=\"wd-nav-pagin-wrap text-center wd-style-shape wd-hide-md-sm wd-hide-sm\">\n\t\t\t<ul class=\"wd-nav-pagin\"><\/ul>\n\t\t<\/div>\n\t\t\t\t\t\t\t\t\t<\/div>\n\n\t\t[\/vc_column][\/vc_row][vc_row woodmart_css_id=&#8221;61c0f77fc8a31&#8243; mobile_bg_img_hidden=&#8221;no&#8221; tablet_bg_img_hidden=&#8221;no&#8221; woodmart_parallax=&#8221;0&#8243; woodmart_gradient_switch=&#8221;no&#8221; woodmart_box_shadow=&#8221;no&#8221; wd_z_index=&#8221;no&#8221; woodmart_disable_overflow=&#8221;0&#8243; row_reverse_mobile=&#8221;0&#8243; row_reverse_tablet=&#8221;0&#8243;][vc_column][vc_text_separator title=&#8221;Any questions?&#8221; color=&#8221;black&#8221; el_class=&#8221;welterbe-abschnitt-ueberschrift&#8221;][vc_custom_heading text=&#8221;We are here for you!&#8221; font_container=&#8221;tag:p|text_align:center&#8221; use_theme_fonts=&#8221;yes&#8221; css_animation=&#8221;appear&#8221; el_class=&#8221;welterbe-abschnitt-beschreibung&#8221;][\/vc_column][\/vc_row][vc_row woodmart_css_id=&#8221;61d2ff8fb2ca3&#8243; mobile_bg_img_hidden=&#8221;no&#8221; tablet_bg_img_hidden=&#8221;no&#8221; woodmart_parallax=&#8221;0&#8243; woodmart_gradient_switch=&#8221;no&#8221; woodmart_box_shadow=&#8221;yes&#8221; wd_z_index=&#8221;no&#8221; woodmart_disable_overflow=&#8221;0&#8243; row_reverse_mobile=&#8221;0&#8243; row_reverse_tablet=&#8221;0&#8243;][vc_column width=&#8221;1\/2&#8243;]\t\t\t<div class=\"info-box-wrapper\">\n\t\t\t\t\t\t\t\t<div id=\"wd-65bccc9941dd4\" class=\" wd-rs-65bccc9941dd4 wd-info-box wd-wpb text-center box-icon-align-top box-style- color-scheme- wd-bg-none \">\n\t\t\t\t\t\t\t\t\t\t<div class=\"info-box-content\">\n\t\t\t\t\t\t<div class=\"info-box-subtitle subtitle-color-default wd-fontsize-xs subtitle-style-default\">Gartenreich Dessau-W\u00f6rlitz<\/div><h4 class=\"info-box-title title box-title-style-default wd-fontsize-m\">Touristinformation<\/h4>\t\t\t\t\t\t<div class=\"info-box-inner reset-last-child\"><p>in the kitchen building at W\u00f6rlitz Palace<br \/>\nKirchgasse 35, D-06785 Oranienbaum-W\u00f6rlitz<br \/>\nPhone +49 (0) 3 49 05.3 10 09<br \/>\n<a href=\"mailto:info@welterbe-gartenreich.de\">info@welterbe-gartenreich.de<\/a><br \/>\n<a href=\"http:\/\/www.welterbe-gartenreich.de\/en\/\" target=\"_blank\" rel=\"noopener\">www.welterbe-gartenreich.de<\/a><\/p>\n<\/div>\n\n\t\t\t\t\t\t\t\t\t\t\t<\/div>\n\n\t\t\t\t\t\n\t\t\t\t\t\t\t\t\t<\/div>\n\t\t\t<\/div>\n\t\t[\/vc_column][vc_column width=&#8221;1\/2&#8243;]\t\t\t<div class=\"info-box-wrapper\">\n\t\t\t\t\t\t\t\t<div id=\"wd-6942beda8e2dc\" class=\" wd-rs-6942beda8e2dc wd-info-box wd-wpb text-center box-icon-align-top box-style- color-scheme- wd-bg-none \">\n\t\t\t\t\t\t\t\t\t\t<div class=\"info-box-content\">\n\t\t\t\t\t\t<h4 class=\"info-box-title title box-title-style-default wd-fontsize-m\">Opening hours 2026<\/h4>\t\t\t\t\t\t<div class=\"info-box-inner reset-last-child\"><p>January to March 20, November, December:<br \/>\nMon to Fri 9:30 am to 4:00 pm<\/p>\n<p>21. March to November 1:<br \/>\nMon to Thu, Sun, public holidays 9:30 am to 4:00 pm<br \/>\nFri and Sat 9:30 am to 5:00 pm<\/p>\n<\/div>\n\n\t\t\t\t\t\t\t\t\t\t\t<\/div>\n\n\t\t\t\t\t\n\t\t\t\t\t\t\t\t\t<\/div>\n\t\t\t<\/div>\n\t\t[\/vc_column][\/vc_row]<\/p>\n<\/div>","protected":false},"excerpt":{"rendered":"<p>[vc_row gap=&#8221;25&#8243; mobile_bg_img_hidden=&#8221;no&#8221; tablet_bg_img_hidden=&#8221;no&#8221; woodmart_parallax=&#8221;0&#8243; woodmart_gradient_switch=&#8221;no&#8221; row_reverse_mobile=&#8221;0&#8243; row_reverse_tablet=&#8221;0&#8243; woodmart_disable_overflow=&#8221;0&#8243;][vc_column offset=&#8221;vc_col-lg-offset-0&#8243; mobile_bg_img_hidden=&#8221;no&#8221; tablet_bg_img_hidden=&#8221;no&#8221; woodmart_parallax=&#8221;0&#8243; woodmart_sticky_column=&#8221;false&#8221; parallax_scroll=&#8221;no&#8221; mobile_reset_margin=&#8221;no&#8221; tablet_reset_margin=&#8221;no&#8221; el_class=&#8221;bild-oben-text-box&#8221;][vc_gallery onclick=&#8221;&#8221; images=&#8221;15313,18280,18266&#8243;<\/p>\n","protected":false},"author":1,"featured_media":15313,"parent":11393,"menu_order":0,"comment_status":"closed","ping_status":"closed","template":"","meta":{"_acf_changed":false,"_seopress_titles_title":"Sieglitzer Berg | Garden Realm of Dessau-W\u00f6rlitz","_seopress_titles_desc":"The fact that it is more forest than park lends the park on Sieglitzer Berg a captivating natural beauty and creates a contemplative atmosphere that you won't find anywhere else in the Garden Realm.","_seopress_robots_index":"","_seopress_robots_follow":"","_seopress_robots_imageindex":"","_seopress_robots_snippet":"","_seopress_robots_primary_cat":"","_seopress_robots_breadcrumbs":"","_seopress_robots_freeze_modified_date":"","_seopress_robots_custom_modified_date":"","_seopress_robots_canonical":"","_seopress_social_fb_title":"","_seopress_social_fb_desc":"","_seopress_social_fb_img":"","_seopress_social_fb_img_attachment_id":0,"_seopress_social_fb_img_width":0,"_seopress_social_fb_img_height":0,"_seopress_social_twitter_title":"","_seopress_social_twitter_desc":"","_seopress_social_twitter_img":"","_seopress_social_twitter_img_attachment_id":0,"_seopress_social_twitter_img_width":0,"_seopress_social_twitter_img_height":0,"_seopress_redirections_value":"","_seopress_redirections_enabled":"","_seopress_redirections_enabled_regex":"","_seopress_redirections_logged_status":"both","_seopress_redirections_param":"","_seopress_redirections_type":301,"_seopress_analysis_target_kw":"Sieglitzer Berg","footnotes":""},"class_list":["post-11478","page","type-page","status-publish","has-post-thumbnail","hentry"],"acf":[],"_links":{"self":[{"href":"https:\/\/www.welterbe-gartenreich.de\/en\/wp-json\/wp\/v2\/pages\/11478","targetHints":{"allow":["GET"]}}],"collection":[{"href":"https:\/\/www.welterbe-gartenreich.de\/en\/wp-json\/wp\/v2\/pages"}],"about":[{"href":"https:\/\/www.welterbe-gartenreich.de\/en\/wp-json\/wp\/v2\/types\/page"}],"author":[{"embeddable":true,"href":"https:\/\/www.welterbe-gartenreich.de\/en\/wp-json\/wp\/v2\/users\/1"}],"replies":[{"embeddable":true,"href":"https:\/\/www.welterbe-gartenreich.de\/en\/wp-json\/wp\/v2\/comments?post=11478"}],"version-history":[{"count":10,"href":"https:\/\/www.welterbe-gartenreich.de\/en\/wp-json\/wp\/v2\/pages\/11478\/revisions"}],"predecessor-version":[{"id":23630,"href":"https:\/\/www.welterbe-gartenreich.de\/en\/wp-json\/wp\/v2\/pages\/11478\/revisions\/23630"}],"up":[{"embeddable":true,"href":"https:\/\/www.welterbe-gartenreich.de\/en\/wp-json\/wp\/v2\/pages\/11393"}],"wp:featuredmedia":[{"embeddable":true,"href":"https:\/\/www.welterbe-gartenreich.de\/en\/wp-json\/wp\/v2\/media\/15313"}],"wp:attachment":[{"href":"https:\/\/www.welterbe-gartenreich.de\/en\/wp-json\/wp\/v2\/media?parent=11478"}],"curies":[{"name":"wp","href":"https:\/\/api.w.org\/{rel}","templated":true}]}}